{"id":18845,"date":"2024-08-12T08:15:28","date_gmt":"2024-08-12T08:15:28","guid":{"rendered":"https:\/\/protectglobal.com\/solution\/optiker\/"},"modified":"2024-09-18T12:39:29","modified_gmt":"2024-09-18T12:39:29","slug":"optiker","status":"publish","type":"solution","link":"https:\/\/protectglobal.com\/de\/solution\/optiker\/","title":{"rendered":"Optiker"},"content":{"rendered":"\n\n\n\n    <div class=\"two-col-layout-block custom-block darkGrey py-5\" style=\"\">\n        <div class=\"container py-xxl-5\" data-aos=\"fade-in\">\n            <div class=\"row gap-4 m-auto py-xxl-5 \">\n                <blockquote class=\"col-sm p-0 m-0 content darkGrey\">\n                    <div class=\"heading-section\"> \n                                                    <p class=\"mb-4 small section-label\">Eine \u00e4sthetische Sicherheitsl\u00f6sung<\/p>\n                                                                            <blockquote class=\"heading h2 mb-4\"><h2>Eine proaktive Ma\u00dfnahme<\/h2>\n<\/blockquote>\n                                            <\/div>\n                                            <div class=\"col-md mobile-image d-lg-none my-4\">\n                            <img decoding=\"async\" class=\"rounder lazyload\" data-src=\"https:\/\/protectglobal.com\/wp-content\/uploads\/2024\/05\/chuttersnap-g8ioihudfnc-unsplash-1024x683.jpg\" alt=\"optician\" src=\"data:image\/svg+xml;base64,PHN2ZyB3aWR0aD0iMSIgaGVpZ2h0PSIxIiB4bWxucz0iaHR0cDovL3d3dy53My5vcmcvMjAwMC9zdmciPjwvc3ZnPg==\" style=\"--smush-placeholder-width: 1024px; --smush-placeholder-aspect-ratio: 1024\/683;\">       \n                        <\/div>\n                           \n                                            <div class=\"body-text\"><p>Viele Optiker haben die Erfahrung gemacht, dass sie besonders anf\u00e4llig f\u00fcr Diebst\u00e4hle und Ramm\u00fcberf\u00e4lle sind, da sie oft anf\u00e4llige Hintert\u00fcren und gro\u00dfe Fenster haben, die f\u00fcr Kriminelle leicht aufzubrechen und sich Zugang zum Gesch\u00e4ft zu verschaffen. Dar\u00fcber hinaus besteht der Lagerbestand oft aus Brillen, die von preiswerten Marken bis hin zu wertvollen Designer-Brillen reichen und oft leicht weiterverkauft werden k\u00f6nnen.  &nbsp; Ein Ramm\u00fcberfall bedeutet nicht nur einen Verlust von Lagerbest\u00e4nden, sondern auch Sch\u00e4den am Gesch\u00e4ft und seinem Inneren. Dieser Schaden kann oft dazu f\u00fchren, dass der Optiker schlie\u00dfen muss, w\u00e4hrend er den verlorenen Bestand sowie das \u00c4u\u00dfere und Innere des Gesch\u00e4fts wiederherstellt. Diese Ausfallzeit kann zu einem Verlust wichtiger Einnahmen f\u00fchren, die f\u00fcr das Unternehmen von entscheidender Bedeutung sind.   &nbsp; Oft k\u00f6nnen herk\u00f6mmliche Sicherheitsma\u00dfnahmen wie \u00dcberwachung und Rolll\u00e4den dazu f\u00fchren, dass Diebe ihre Aktionen hinterfragen. Manchmal reichen diese jedoch nicht aus, und es sollten weitere Ma\u00dfnahmen ergriffen werden, um das Gesch\u00e4ft ordnungsgem\u00e4\u00df zu sichern.<\/p>\n<\/div>\n                    \n                                            <div class=\"button-group container-sm d-sm-flex gap-3 h-auto my-4 p-0\">  \n                                                <\/div>\n                                                        <\/blockquote>\n                                    <div  class=\"col-lg-7 d-none d-lg-block desktop-image p-0 m-0 \">\n                        <img decoding=\"async\" class=\"rounder lazyload\" data-src=\"https:\/\/protectglobal.com\/wp-content\/uploads\/2024\/05\/chuttersnap-g8ioihudfnc-unsplash-1024x683.jpg\" alt=\"optician\" src=\"data:image\/svg+xml;base64,PHN2ZyB3aWR0aD0iMSIgaGVpZ2h0PSIxIiB4bWxucz0iaHR0cDovL3d3dy53My5vcmcvMjAwMC9zdmciPjwvc3ZnPg==\" style=\"--smush-placeholder-width: 1024px; --smush-placeholder-aspect-ratio: 1024\/683;\">\n                        <i class=\"image-graphic d-block darkGrey\"><\/i>       \n                    <\/div>\n                       \n            <\/div>\n        <\/div>\n    <\/div>\n\n\n\n\n\n    <div class=\"two-col-layout-block custom-block white py-5\" style=\"\">\n        <div class=\"container py-xxl-5\" data-aos=\"fade-in\">\n            <div class=\"row gap-4 m-auto py-xxl-5 flipped\">\n                <blockquote class=\"col-sm p-0 m-0 content white\">\n                    <div class=\"heading-section\"> \n                                                                            <blockquote class=\"heading h2 mb-4\"><h2>Diebstahl durch d\u00e4nischen Optiker vermieden<\/h2>\n<\/blockquote>\n                                            <\/div>\n                                            <div class=\"col-md mobile-image d-lg-none my-4\">\n                            <img decoding=\"async\" class=\"rounder lazyload\" data-src=\"https:\/\/protectglobal.com\/wp-content\/uploads\/2024\/08\/optiker-600x450-1.jpg\" alt=\"optician\" src=\"data:image\/svg+xml;base64,PHN2ZyB3aWR0aD0iMSIgaGVpZ2h0PSIxIiB4bWxucz0iaHR0cDovL3d3dy53My5vcmcvMjAwMC9zdmciPjwvc3ZnPg==\" style=\"--smush-placeholder-width: 600px; --smush-placeholder-aspect-ratio: 600\/450;\">       \n                        <\/div>\n                           \n                                            <div class=\"body-text\"><p>Die Optikerkette Profil Optik erkannte diese Herausforderungen und ergriff proaktive Ma\u00dfnahmen, indem sie Rolll\u00e4den installierte und sogar gro\u00dfe Poller vor bestimmten Filialen einsetzte, um m\u00f6gliche Ramm\u00fcberf\u00e4lle abzuwehren. Diese Erg\u00e4nzungen beeintr\u00e4chtigten jedoch die Gesamt\u00e4sthetik des geschmackvollen Designs des Ladens. Dar\u00fcber hinaus schien die Gr\u00f6\u00dfe der Poller die Gr\u00f6\u00dfe der Autos, mit denen die Einbrecher gewaltsam in das Gel\u00e4nde eindrangen, gr\u00f6\u00dfer erscheinen zu lassen.   &nbsp; Um diese Bedenken auszur\u00e4umen, hat Profil Optik eine diskretere, aber hochwirksame L\u00f6sung gew\u00e4hlt: PROTECT\u2122 Sicherheitsnebel. Nach der Installation von Sicherheitsnebelsystemen wurde deutlich, dass der Nebel nicht nur Diebst\u00e4hle verhinderte, sobald Eindringlinge Zutritt erhielten, sondern das Vorhandensein von Nebelwarnaufklebern auch potenzielle Einbrecher davon abhielt, in das Gel\u00e4nde einzubrechen oder es zu verw\u00fcsten.  &nbsp; Durch den Einbau einer PROTECT Nebelkanone konnten bei Profil Optik nahezu alle Diebst\u00e4hle und teuren Ausfallzeiten vermieden werden, gleiches gilt f\u00fcr andere Optiker. Es sind keine Ausfallzeiten durch das Auff\u00fcllen der Brille erforderlich, so dass der Optiker sein Gesch\u00e4ft nach einem Einbruchsversuch reibungslos am Laufen halten kann. <\/p>\n<\/div>\n                    \n                                            <div class=\"button-group container-sm d-sm-flex gap-3 h-auto my-4 p-0\">  \n                                                <\/div>\n                                                        <\/blockquote>\n                                    <div  class=\"col-lg-7 d-none d-lg-block desktop-image p-0 m-0 flipped\">\n                        <img decoding=\"async\" class=\"rounder lazyload\" data-src=\"https:\/\/protectglobal.com\/wp-content\/uploads\/2024\/08\/optiker-600x450-1.jpg\" alt=\"optician\" src=\"data:image\/svg+xml;base64,PHN2ZyB3aWR0aD0iMSIgaGVpZ2h0PSIxIiB4bWxucz0iaHR0cDovL3d3dy53My5vcmcvMjAwMC9zdmciPjwvc3ZnPg==\" style=\"--smush-placeholder-width: 600px; --smush-placeholder-aspect-ratio: 600\/450;\">\n                        <i class=\"image-graphic d-block white\"><\/i>       \n                    <\/div>\n                       \n            <\/div>\n        <\/div>\n    <\/div>\n\n\n\n<section class=\"content-toggle-block custom-block black py-5\" style=\"\">\n    <section class=\"py-xxl-5 py-5\">\n                <div class=\"switchable-content\">\n            <!-- Content option 1 -->\n                                                                <div class=\"content-option option-1 container\" aria-hidden=\"false\">\n                        <section class=\"row gap-lg-5\">\n                                                                                        <section class=\"col-lg-10 mx-auto col-12 column-2 \">\n                                    <section class=\"accordion\">\n                                                                                    <div class=\"acc-item d-flex flex-column gap-3 pb-3 \">\n                                                <button class=\"acc-button w-100 text-start p-0 d-flex justify-content-between \">\n                                                    <h4 class=\"mb-0 fs-5\">Hinterl\u00e4sst der Sicherheitsnebel R\u00fcckst\u00e4nde auf meiner Ausr\u00fcstung oder Brille?<\/h4>\n                                                    <svg class=\"acc-icon\" width=\"20\" height=\"20\" viewBox=\"0 0 20 20\" fill=\"none\" xmlns=\"http:\/\/www.w3.org\/2000\/svg\">\n                                                        <g clip-path=\"url(#clip0_2099_15870)\">\n                                                            <rect x=\"24.1421\" y=\"-2.28516\" width=\"5\" height=\"25\" transform=\"rotate(45 24.1421 -2.28516)\" fill=\"#DCDCDC\"\/>\n                                                            <rect x=\"-7.67773\" y=\"1.25\" width=\"5\" height=\"17.5\" transform=\"rotate(-45 -7.67773 1.25)\" fill=\"#DCDCDC\"\/>\n                                                        <\/g>\n                                                        <defs>\n                                                            <clipPath id=\"clip0_2099_15870\">\n                                                                <rect width=\"20\" height=\"20\" fill=\"white\" transform=\"translate(20) rotate(90)\"\/>\n                                                            <\/clipPath>\n                                                        <\/defs>\n                                                    <\/svg>\n                                                <\/button>\n                                                <div class=\"acc-content \" aria-hidden=\"true\">\n                                                    <blockquote class=\"body-text font-white\"><p><span class=\"TextRun SCXW104237037 BCX0\" lang=\"EN-US\" data-contrast=\"auto\" xml:lang=\"EN-US\"><span class=\"NormalTextRun SCXW104237037 BCX0\" data-wac-het=\"1\">Nein.<br \/>\nWir empfehlen jedoch, innerhalb von 1 Stunde nach dem Brennen zu l\u00fcften, um die Kondensation der wasserbasierten   <\/span><\/span><span class=\"TextRun SCXW104237037 BCX0\" lang=\"EN-US\" data-contrast=\"auto\" xml:lang=\"EN-US\"><span class=\"NormalTextRun SCXW104237037 BCX0\" data-wac-het=\"1\">Nebels zu verhindern<\/span><\/span><span class=\"TextRun SCXW104237037 BCX0\" lang=\"EN-US\" data-contrast=\"auto\" xml:lang=\"EN-US\"><span class=\"NormalTextRun SCXW104237037 BCX0\" data-wac-het=\"1\">.<br \/>\nIf this does not happen, you will probably still not be able to see or feel that a <span class=\"s1\">fog cannon<\/span> has been fired.   <\/span><\/span><span class=\"TextRun SCXW104237037 BCX0\" lang=\"EN-US\" data-contrast=\"auto\" xml:lang=\"EN-US\"><span class=\"NormalTextRun SCXW104237037 BCX0\" data-wac-het=\"1\">Jede<\/span><\/span><span class=\"TextRun SCXW104237037 BCX0\" lang=\"EN-US\" data-contrast=\"auto\" xml:lang=\"EN-US\"><span class=\"NormalTextRun SCXW104237037 BCX0\" data-wac-het=\"1\"> <\/span><\/span><span class=\"TextRun SCXW104237037 BCX0\" lang=\"EN-US\" data-contrast=\"auto\" xml:lang=\"EN-US\"><span class=\"NormalTextRun SCXW104237037 BCX0\" data-wac-het=\"1\">Reinigung auf horizontalen Fl\u00e4chen sollte nur mit einem zerlumpten Tuch ohne Reinigungsmittel erfolgen.<\/span><\/span><span class=\"EOP SCXW104237037 BCX0\" data-ccp-props=\"{\"201341983\":0,\"335559739\":160,\"335559740\":259}\" data-wac-het=\"1\"> <\/span><\/p>\n<\/blockquote>\n                                                <\/div>\n                                            <\/div>\n                                                                                    <div class=\"acc-item d-flex flex-column gap-3 pb-3 \">\n                                                <button class=\"acc-button w-100 text-start p-0 d-flex justify-content-between \">\n                                                    <h4 class=\"mb-0 fs-5\">Kann der Dieb nicht einfach darauf warten, dass der Sicherheitsnebel aus dem Laden verschwindet?<\/h4>\n                                                    <svg class=\"acc-icon\" width=\"20\" height=\"20\" viewBox=\"0 0 20 20\" fill=\"none\" xmlns=\"http:\/\/www.w3.org\/2000\/svg\">\n                                                        <g clip-path=\"url(#clip0_2099_15870)\">\n                                                            <rect x=\"24.1421\" y=\"-2.28516\" width=\"5\" height=\"25\" transform=\"rotate(45 24.1421 -2.28516)\" fill=\"#DCDCDC\"\/>\n                                                            <rect x=\"-7.67773\" y=\"1.25\" width=\"5\" height=\"17.5\" transform=\"rotate(-45 -7.67773 1.25)\" fill=\"#DCDCDC\"\/>\n                                                        <\/g>\n                                                        <defs>\n                                                            <clipPath id=\"clip0_2099_15870\">\n                                                                <rect width=\"20\" height=\"20\" fill=\"white\" transform=\"translate(20) rotate(90)\"\/>\n                                                            <\/clipPath>\n                                                        <\/defs>\n                                                    <\/svg>\n                                                <\/button>\n                                                <div class=\"acc-content \" aria-hidden=\"true\">\n                                                    <blockquote class=\"body-text font-white\"><p>Die Nebelkanone wird erneut gestartet, sobald der PIR-Sensor eine Bewegung im Gesch\u00e4ft erkennt.<br \/>\nEs hilft also nicht, darauf zu warten, dass der Nebel verschwindet.<br \/>\nPROTECT \u2122 hat eine der l\u00e4ngsten &#8222;H\u00e4ngezeiten&#8220; des Nebels von bis zu 1 Stunde.<br \/>\nSie k\u00f6nnen Ihre Wertsachen vor\u00fcbergehend vor dem Dieb verstecken, bis Sie, die Polizei oder der Wachmann erscheinen.   <\/p>\n<\/blockquote>\n                                                <\/div>\n                                            <\/div>\n                                                                                    <div class=\"acc-item d-flex flex-column gap-3 pb-3 \">\n                                                <button class=\"acc-button w-100 text-start p-0 d-flex justify-content-between \">\n                                                    <h4 class=\"mb-0 fs-5\">Kann mein Gesch\u00e4ft nicht einfach eine normale Alarmanlage haben?<\/h4>\n                                                    <svg class=\"acc-icon\" width=\"20\" height=\"20\" viewBox=\"0 0 20 20\" fill=\"none\" xmlns=\"http:\/\/www.w3.org\/2000\/svg\">\n                                                        <g clip-path=\"url(#clip0_2099_15870)\">\n                                                            <rect x=\"24.1421\" y=\"-2.28516\" width=\"5\" height=\"25\" transform=\"rotate(45 24.1421 -2.28516)\" fill=\"#DCDCDC\"\/>\n                                                            <rect x=\"-7.67773\" y=\"1.25\" width=\"5\" height=\"17.5\" transform=\"rotate(-45 -7.67773 1.25)\" fill=\"#DCDCDC\"\/>\n                                                        <\/g>\n                                                        <defs>\n                                                            <clipPath id=\"clip0_2099_15870\">\n                                                                <rect width=\"20\" height=\"20\" fill=\"white\" transform=\"translate(20) rotate(90)\"\/>\n                                                            <\/clipPath>\n                                                        <\/defs>\n                                                    <\/svg>\n                                                <\/button>\n                                                <div class=\"acc-content \" aria-hidden=\"true\">\n                                                    <blockquote class=\"body-text font-white\"><p><span class=\"TextRun SCXW11296949 BCX0\" lang=\"EN-US\" data-contrast=\"auto\" xml:lang=\"EN-US\"><span class=\"NormalTextRun SCXW11296949 BCX0\" data-wac-het=\"1\">Sicher, aber<\/span><\/span><span class=\"TextRun SCXW11296949 BCX0\" lang=\"EN-US\" data-contrast=\"auto\" xml:lang=\"EN-US\"><span class=\"NormalTextRun SCXW11296949 BCX0\" data-wac-het=\"1\"> wenn<\/span><\/span><span class=\"TextRun SCXW11296949 BCX0\" lang=\"EN-US\" data-contrast=\"auto\" xml:lang=\"EN-US\"><span class=\"NormalTextRun SCXW11296949 BCX0\" data-wac-het=\"1\"> man ungebetene G\u00e4ste bekommt, werden sie<\/span><\/span><span class=\"TextRun SCXW11296949 BCX0\" lang=\"EN-US\" data-contrast=\"auto\" xml:lang=\"EN-US\"><span class=\"NormalTextRun SCXW11296949 BCX0\" data-wac-het=\"1\">noch in der Lage sein <\/span><\/span><span class=\"TextRun SCXW11296949 BCX0\" lang=\"EN-US\" data-contrast=\"auto\" xml:lang=\"EN-US\"><span class=\"NormalTextRun SCXW11296949 BCX0\" data-wac-het=\"1\">Ihre <\/span><\/span><span class=\"TextRun SCXW11296949 BCX0\" lang=\"EN-US\" data-contrast=\"auto\" xml:lang=\"EN-US\"><span class=\"NormalTextRun SCXW11296949 BCX0\" data-wac-het=\"1\">Wertsachen<\/span><\/span><span class=\"TextRun SCXW11296949 BCX0\" lang=\"EN-US\" data-contrast=\"auto\" xml:lang=\"EN-US\"><span class=\"NormalTextRun SCXW11296949 BCX0\" data-wac-het=\"1\"> stehlen <\/span><\/span><span class=\"TextRun SCXW11296949 BCX0\" lang=\"EN-US\" data-contrast=\"auto\" xml:lang=\"EN-US\"><span class=\"NormalTextRun SCXW11296949 BCX0\" data-wac-het=\"1\">test<\/span><\/span><span class=\"TextRun SCXW11296949 BCX0\" lang=\"EN-US\" data-contrast=\"auto\" xml:lang=\"EN-US\"><span class=\"NormalTextRun SCXW11296949 BCX0\" data-wac-het=\"1\">Ein Dieb wei\u00df, dass in den ersten 10-15 Minuten nichts passiert, selbst wenn Sie einen Einbruchalarm haben.  Und wenn Sie eine Video\u00fcberwachung haben, verdeckt der Dieb einfach sein Gesicht. Auf der anderen Seite, mit Sicherheits  <\/span><\/span><span class=\"NormalTextRun SCXW11296949 BCX0\" data-wac-het=\"1\"><span class=\"TextRun SCXW11296949 BCX0\" lang=\"EN-US\" data-contrast=\"auto\">nebel <\/span><\/span><span class=\"NormalTextRun SCXW11296949 BCX0\" data-wac-het=\"1\"><span class=\"TextRun SCXW11296949 BCX0\" lang=\"EN-US\" data-contrast=\"auto\">verhindern Sie, dass der Einbruch \u00fcberhaupt stattfindet oder dass der<\/span><\/span> <span class=\"NormalTextRun SCXW11296949 BCX0\" data-wac-het=\"1\"><span class=\"TextRun SCXW11296949 BCX0\" lang=\"EN-US\" data-contrast=\"auto\">Dieb die wertvollsten Gegenst\u00e4nde nicht findet<\/span><\/span><span class=\"NormalTextRun SCXW11296949 BCX0\" data-wac-het=\"1\"><span class=\"TextRun SCXW11296949 BCX0\" lang=\"EN-US\" data-contrast=\"auto\">.<\/span><\/span><span class=\"EOP SCXW11296949 BCX0\" data-ccp-props=\"{\"201341983\":0,\"335559739\":160,\"335559740\":259}\" data-wac-het=\"1\"> <\/span><\/p>\n<\/blockquote>\n                                                <\/div>\n                                            <\/div>\n                                                                                    <div class=\"acc-item d-flex flex-column gap-3 pb-3 \">\n                                                <button class=\"acc-button w-100 text-start p-0 d-flex justify-content-between \">\n                                                    <h4 class=\"mb-0 fs-5\">Kann ich die Nebelkanone verstecken, so dass sie nicht sichtbar ist?<\/h4>\n                                                    <svg class=\"acc-icon\" width=\"20\" height=\"20\" viewBox=\"0 0 20 20\" fill=\"none\" xmlns=\"http:\/\/www.w3.org\/2000\/svg\">\n                                                        <g clip-path=\"url(#clip0_2099_15870)\">\n                                                            <rect x=\"24.1421\" y=\"-2.28516\" width=\"5\" height=\"25\" transform=\"rotate(45 24.1421 -2.28516)\" fill=\"#DCDCDC\"\/>\n                                                            <rect x=\"-7.67773\" y=\"1.25\" width=\"5\" height=\"17.5\" transform=\"rotate(-45 -7.67773 1.25)\" fill=\"#DCDCDC\"\/>\n                                                        <\/g>\n                                                        <defs>\n                                                            <clipPath id=\"clip0_2099_15870\">\n                                                                <rect width=\"20\" height=\"20\" fill=\"white\" transform=\"translate(20) rotate(90)\"\/>\n                                                            <\/clipPath>\n                                                        <\/defs>\n                                                    <\/svg>\n                                                <\/button>\n                                                <div class=\"acc-content \" aria-hidden=\"true\">\n                                                    <blockquote class=\"body-text font-white\"><p>Ja!<br \/>\nUnsere Nebelkanonen sind f\u00fcr eine versteckte Installation \u00fcber der Decke oder hinter der Wand vorbereitet.<br \/>\nEs ist lediglich ein kleines Loch erforderlich, damit der Nebel in den Raum geschossen werden kann.<br \/>\nWenn Sie die Nebelkanonen jedoch in der Decke anbringen, achten Sie darauf, dass diese trocken ist und immer \u00fcber 5 Grad Celsius hat. Wenn die Nebelkanone nicht ganz durch die Wand reicht, haben wir ein Verl\u00e4ngerungsst\u00fcck f\u00fcr die D\u00fcse.    Fragen Sie einfach Ihren Alarmanlagenerrichter. (Bitte beachten Sie, dass das Verl\u00e4ngerungsst\u00fcck NICHT f\u00fcr Installationen an der Decke verwendet werden kann).<\/p>\n<\/blockquote>\n                                                <\/div>\n                                            <\/div>\n                                                                                    <div class=\"acc-item d-flex flex-column gap-3 pb-3 \">\n                                                <button class=\"acc-button w-100 text-start p-0 d-flex justify-content-between \">\n                                                    <h4 class=\"mb-0 fs-5\">Wie bekomme ich eine PROTECT Nebelkanone?<\/h4>\n                                                    <svg class=\"acc-icon\" width=\"20\" height=\"20\" viewBox=\"0 0 20 20\" fill=\"none\" xmlns=\"http:\/\/www.w3.org\/2000\/svg\">\n                                                        <g clip-path=\"url(#clip0_2099_15870)\">\n                                                            <rect x=\"24.1421\" y=\"-2.28516\" width=\"5\" height=\"25\" transform=\"rotate(45 24.1421 -2.28516)\" fill=\"#DCDCDC\"\/>\n                                                            <rect x=\"-7.67773\" y=\"1.25\" width=\"5\" height=\"17.5\" transform=\"rotate(-45 -7.67773 1.25)\" fill=\"#DCDCDC\"\/>\n                                                        <\/g>\n                                                        <defs>\n                                                            <clipPath id=\"clip0_2099_15870\">\n                                                                <rect width=\"20\" height=\"20\" fill=\"white\" transform=\"translate(20) rotate(90)\"\/>\n                                                            <\/clipPath>\n                                                        <\/defs>\n                                                    <\/svg>\n                                                <\/button>\n                                                <div class=\"acc-content \" aria-hidden=\"true\">\n                                                    <blockquote class=\"body-text font-white\"><p><span class=\"TextRun BCX0 SCXW127594014\" lang=\"EN-US\" data-contrast=\"auto\" xml:lang=\"EN-US\"><span class=\"NormalTextRun BCX0 SCXW127594014\" data-wac-het=\"1\">Ein PROTECT Nebelkanone \u00ae wird immer von einem unserer autorisierten Installateure installiert, um sicherzustellen, dass Ihre <span class=\"s1\">Nebelkanone<\/span> korrekt montiert ist. Dies wird durch den europ\u00e4ischen Standard f\u00fcr Nebel bestimmt  <\/span><\/span><span class=\"TextRun BCX0 SCXW127594014\" lang=\"EN-US\" data-contrast=\"auto\" xml:lang=\"EN-US\"><span class=\"NormalTextRun BCX0 SCXW127594014\" data-wac-het=\"1\">Kanonen<\/span><\/span><span class=\"TextRun BCX0 SCXW127594014\" lang=\"EN-US\" data-contrast=\"auto\" xml:lang=\"EN-US\"><span class=\"NormalTextRun BCX0 SCXW127594014\" data-wac-het=\"1\"> EN 50131-8: 2019. Sie k\u00f6nnen <a href=\"\" target=\"\" rel=\"\">Ihren lokalen H\u00e4ndler hier finden<\/a> <\/span><\/span><\/p>\n<\/blockquote>\n                                                <\/div>\n                                            <\/div>\n                                                                            <\/section>\n                                <\/section>\n                                                    <\/section>\n                    <\/div>\n                                        <!-- Content option 2 -->\n                    <\/div>\n    <\/section>\n<\/section>\n\n\n\n\n\n    <div class=\"text-media-block custom-block white py-5\" style=\"\">\n        <div data-aos=\"fade-in\" class=\"container py-xxl-5\">           \n            <blockquote class=\"content row space-between mb-4\">\t\n\n                \n                <div class=\"d-lg-flex justify-content-between media-text-content\">\n                                            <blockqoute class=\"heading h2 mb-4\"><h2><span style=\"color: #3f75ff;\">Diskret<\/span> und dennoch hochwirksam<\/h2>\n<\/blockqoute>\n                                                                <div class=\"col-sm body-text\"><p>In diesem Video wird eine Demo einer PROTECT Nebelkanone bei einem italienischen Optiker gezeigt. Der Nebel f\u00fcllt schnell den Laden und macht es unm\u00f6glich, sich im Laden zurechtzufinden oder etwas zu sehen. <\/p>\n<\/div>\n                                    <\/div>              \n            <\/blockquote>\n        <div>\n                                        \n                        <div class=\"video\">\n                            \n                            <video class=\"video-player d-block rounder w-100 object-fit-cover\" controls poster=\"\">\n                                <source class=\"media-img\" src=\"https:\/\/protectglobal.com\/wp-content\/uploads\/2024\/05\/italian-optician_sis.mov\" type=\"video\/mp4\">\n                            <\/video>\n                            <button aria-label=\"Play video\" class=\"d-none d-sm-block play-video p-2 d-flex justify-content-center align-items-center\">\n                                <svg width=\"24\" height=\"24\" viewBox=\"0 0 16 16\" fill=\"none\" xmlns=\"http:\/\/www.w3.org\/2000\/svg\">\n                                    <g clip-path=\"url(#clip0_985_29265)\">\n                                        <rect x=\"1.44727\" y=\"0.457031\" width=\"2.66667\" height=\"13.3333\" transform=\"rotate(-45 1.44727 0.457031)\" fill=\"white\"\/>\n                                        <rect x=\"3.33203\" y=\"17.4277\" width=\"2.66667\" height=\"9.33333\" transform=\"rotate(-135 3.33203 17.4277)\" fill=\"white\"\/>\n                                    <\/g>\n                                    <defs>\n                                            <clipPath id=\"clip0_985_29265\">\n                                            <rect width=\"10.6667\" height=\"10.6667\" fill=\"white\" transform=\"translate(2.66602 2.66602)\"\/>\n                                            <\/clipPath>\n                                    <\/defs>\n                                <\/svg>\n                            <\/button>\n                        <\/div>\n                                       \n                <\/div>\n                \n            \n        <\/div>\n    <\/div>\n\n\n\n    <section class=\"call-to-action-block custom-block py-5\" style=\"\"> \n        <div class=\"container py-xxl-5\" data-aos=\"fade-in\">\n            <blockquote class=\"position-relative col-sm content text-center cta-wrapper p-lg-5 px-4 py-5 rounder d-flex flex-column justify-content-center align-items-center \">\n                    <div class=\"heading-section pt-5\"> \n                                                    <p class=\"mb-4 small section-label font-white\">Kontakt<\/p>\n                                                                            <h2 class=\"heading mb-4 font-white\">Finden Sie Ihren \u00f6rtlichen H\u00e4ndler<\/h2>\n                                            <\/div>\n                                            <div class=\"body-text font-white\">Wenn Sie daran interessiert sind, mehr dar\u00fcber zu erfahren, wie PROTECT-Nebelkanonen Ihnen helfen k\u00f6nnen, dann z\u00f6gern Sie nicht, Ihren H\u00e4ndler vor Ort f\u00fcr weitere Informationen zu kontaktieren<\/div>\n                                                                <div class=\"button-group mb-3 d-flex flex-column flex-md-row justify-content-center container-sm my-4 h-auto p-0 gap-3\">  \n                            <a href=\"https:\/\/protectglobal.com\/find-local-distributor\/\" class=\"d-flex gap-3 justify-content-center justify-content-md-start button align-items-center primary\" target=\"_blank\">\n       Finden Sie Ihren lokalen H\u00e4ndler hier       <i class=\"icon-chevron\"><\/i>\n    <\/a>\n                        <\/div>\n                                        <video  autoplay loop muted class=\"position-absolute w-100 h-100 top-0 left-0 object-fit-cover\" poster=\"https:\/\/protectglobal.com\/wp-content\/uploads\/2023\/03\/banner-new-distributor-1024x683.png\">\n                        <source src=\"\" type=\"video\/mp4\">\n                    <\/video>                  \n            <\/blockquote>    \n        <\/div>  \n    <\/section>\n","protected":false},"featured_media":1255,"template":"","solution-category":[246],"class_list":["post-18845","solution","type-solution","status-publish","has-post-thumbnail","hentry","solution-category-einzelhandel"],"acf":[],"yoast_head":"<!-- This site is optimized with the Yoast SEO Premium plugin v27.3 (Yoast SEO v27.3) - https:\/\/yoast.com\/product\/yoast-seo-premium-wordpress\/ -->\n<title>Optiker - PROTECT Nebelkanonen\u2122<\/title>\n<meta name=\"description\" content=\"F\u00fcr viele Ladenbesitzer stellen anf\u00e4llige Hintert\u00fcren und gro\u00dfe Fenster ein erhebliches Sicherheitsrisiko dar, insbesondere bei Optikern.\" \/>\n<meta name=\"robots\" content=\"index, follow, max-snippet:-1, max-image-preview:large, max-video-preview:-1\" \/>\n<link rel=\"canonical\" href=\"https:\/\/protectglobal.com\/de\/solution\/optiker\/\" \/>\n<meta property=\"og:locale\" content=\"de_DE\" \/>\n<meta property=\"og:type\" content=\"article\" \/>\n<meta property=\"og:title\" content=\"Optiker\" \/>\n<meta property=\"og:description\" content=\"F\u00fcr viele Ladenbesitzer stellen anf\u00e4llige Hintert\u00fcren und gro\u00dfe Fenster ein erhebliches Sicherheitsrisiko dar, insbesondere bei Optikern.\" \/>\n<meta property=\"og:url\" content=\"https:\/\/protectglobal.com\/de\/solution\/optiker\/\" \/>\n<meta property=\"og:site_name\" content=\"PROTECT Nebelkanonen\u2122\" \/>\n<meta property=\"article:publisher\" content=\"https:\/\/www.facebook.com\/PROTECTFogCannon\/\" \/>\n<meta property=\"article:modified_time\" content=\"2024-09-18T12:39:29+00:00\" \/>\n<meta property=\"og:image\" content=\"https:\/\/protectglobal.com\/wp-content\/uploads\/2023\/11\/harpreet-singh-xbphaw-x0i0-unsplash-_1_.jpg\" \/>\n\t<meta property=\"og:image:width\" content=\"1920\" \/>\n\t<meta property=\"og:image:height\" content=\"1280\" \/>\n\t<meta property=\"og:image:type\" content=\"image\/jpeg\" \/>\n<meta name=\"twitter:card\" content=\"summary_large_image\" \/>\n<meta name=\"twitter:site\" content=\"@PROTECTFOG\" \/>\n<meta name=\"twitter:label1\" content=\"Gesch\u00e4tzte Lesezeit\" \/>\n\t<meta name=\"twitter:data1\" content=\"1\u00a0Minute\" \/>\n<script type=\"application\/ld+json\" class=\"yoast-schema-graph\">{\"@context\":\"https:\\\/\\\/schema.org\",\"@graph\":[{\"@type\":\"WebPage\",\"@id\":\"https:\\\/\\\/protectglobal.com\\\/de\\\/solution\\\/optiker\\\/\",\"url\":\"https:\\\/\\\/protectglobal.com\\\/de\\\/solution\\\/optiker\\\/\",\"name\":\"Optiker - PROTECT Nebelkanonen\u2122\",\"isPartOf\":{\"@id\":\"https:\\\/\\\/protectglobal.com\\\/de\\\/#website\"},\"primaryImageOfPage\":{\"@id\":\"https:\\\/\\\/protectglobal.com\\\/de\\\/solution\\\/optiker\\\/#primaryimage\"},\"image\":{\"@id\":\"https:\\\/\\\/protectglobal.com\\\/de\\\/solution\\\/optiker\\\/#primaryimage\"},\"thumbnailUrl\":\"https:\\\/\\\/protectglobal.com\\\/wp-content\\\/uploads\\\/2023\\\/11\\\/harpreet-singh-xbphaw-x0i0-unsplash-_1_.jpg\",\"datePublished\":\"2024-08-12T08:15:28+00:00\",\"dateModified\":\"2024-09-18T12:39:29+00:00\",\"description\":\"F\u00fcr viele Ladenbesitzer stellen anf\u00e4llige Hintert\u00fcren und gro\u00dfe Fenster ein erhebliches Sicherheitsrisiko dar, insbesondere bei Optikern.\",\"breadcrumb\":{\"@id\":\"https:\\\/\\\/protectglobal.com\\\/de\\\/solution\\\/optiker\\\/#breadcrumb\"},\"inLanguage\":\"de\",\"potentialAction\":[{\"@type\":\"ReadAction\",\"target\":[\"https:\\\/\\\/protectglobal.com\\\/de\\\/solution\\\/optiker\\\/\"]}]},{\"@type\":\"ImageObject\",\"inLanguage\":\"de\",\"@id\":\"https:\\\/\\\/protectglobal.com\\\/de\\\/solution\\\/optiker\\\/#primaryimage\",\"url\":\"https:\\\/\\\/protectglobal.com\\\/wp-content\\\/uploads\\\/2023\\\/11\\\/harpreet-singh-xbphaw-x0i0-unsplash-_1_.jpg\",\"contentUrl\":\"https:\\\/\\\/protectglobal.com\\\/wp-content\\\/uploads\\\/2023\\\/11\\\/harpreet-singh-xbphaw-x0i0-unsplash-_1_.jpg\",\"width\":1920,\"height\":1280,\"caption\":\"opticians\"},{\"@type\":\"BreadcrumbList\",\"@id\":\"https:\\\/\\\/protectglobal.com\\\/de\\\/solution\\\/optiker\\\/#breadcrumb\",\"itemListElement\":[{\"@type\":\"ListItem\",\"position\":1,\"name\":\"Hjem\",\"item\":\"https:\\\/\\\/protectglobal.com\\\/de\\\/\"},{\"@type\":\"ListItem\",\"position\":2,\"name\":\"Optiker\"}]},{\"@type\":\"WebSite\",\"@id\":\"https:\\\/\\\/protectglobal.com\\\/de\\\/#website\",\"url\":\"https:\\\/\\\/protectglobal.com\\\/de\\\/\",\"name\":\"PROTECT Fog Cannons\u2122\",\"description\":\"Buchen Sie ein unverbindliches Einf\u00fchrungsgespr\u00e4ch mit PROTECT und sehen Sie, wie unsere Nebelkanonen Ihr Unternehmen in Sekunden sch\u00fctzen. In nur 30 Minuten erkl\u00e4ren wir die Technik, passende L\u00f6sungen und beantworten Ihre Fragen.\",\"publisher\":{\"@id\":\"https:\\\/\\\/protectglobal.com\\\/de\\\/#organization\"},\"potentialAction\":[{\"@type\":\"SearchAction\",\"target\":{\"@type\":\"EntryPoint\",\"urlTemplate\":\"https:\\\/\\\/protectglobal.com\\\/de\\\/?s={search_term_string}\"},\"query-input\":{\"@type\":\"PropertyValueSpecification\",\"valueRequired\":true,\"valueName\":\"search_term_string\"}}],\"inLanguage\":\"de\"},{\"@type\":\"Organization\",\"@id\":\"https:\\\/\\\/protectglobal.com\\\/de\\\/#organization\",\"name\":\"PROTECT Fog Cannons\u2122\",\"url\":\"https:\\\/\\\/protectglobal.com\\\/de\\\/\",\"logo\":{\"@type\":\"ImageObject\",\"inLanguage\":\"de\",\"@id\":\"https:\\\/\\\/protectglobal.com\\\/de\\\/#\\\/schema\\\/logo\\\/image\\\/\",\"url\":\"https:\\\/\\\/protectglobal.com\\\/wp-content\\\/uploads\\\/2023\\\/10\\\/logo.svg\",\"contentUrl\":\"https:\\\/\\\/protectglobal.com\\\/wp-content\\\/uploads\\\/2023\\\/10\\\/logo.svg\",\"width\":90,\"height\":40,\"caption\":\"PROTECT Fog Cannons\u2122\"},\"image\":{\"@id\":\"https:\\\/\\\/protectglobal.com\\\/de\\\/#\\\/schema\\\/logo\\\/image\\\/\"},\"sameAs\":[\"https:\\\/\\\/www.facebook.com\\\/PROTECTFogCannon\\\/\",\"https:\\\/\\\/x.com\\\/PROTECTFOG\",\"https:\\\/\\\/www.linkedin.com\\\/company\\\/protect-a-s\\\/\",\"https:\\\/\\\/www.youtube.com\\\/user\\\/PROTECTFogCannon\"],\"description\":\"PROTECT\u2122 specializes in security fog solutions, protecting valuables in retail, banks, warehouses any many other industries across more than 50 countries. With over 175,000 fog cannons installed, our systems fill rooms with dense fog in seconds, deterring burglars and preventing theft. We focus on providing reliable, durable, and easy-to-install solutions for enhanced security and peace of mind.\",\"email\":\"info@protectglobal.com\",\"telephone\":\"+45 8672 1881\",\"legalName\":\"PROTECT A\\\/S\",\"foundingDate\":\"2000-09-28\",\"vatID\":\"25687272\",\"numberOfEmployees\":{\"@type\":\"QuantitativeValue\",\"minValue\":\"11\",\"maxValue\":\"50\"}}]}<\/script>\n<!-- \/ Yoast SEO Premium plugin. -->","yoast_head_json":{"title":"Optiker - PROTECT Nebelkanonen\u2122","description":"F\u00fcr viele Ladenbesitzer stellen anf\u00e4llige Hintert\u00fcren und gro\u00dfe Fenster ein erhebliches Sicherheitsrisiko dar, insbesondere bei Optikern.","robots":{"index":"index","follow":"follow","max-snippet":"max-snippet:-1","max-image-preview":"max-image-preview:large","max-video-preview":"max-video-preview:-1"},"canonical":"https:\/\/protectglobal.com\/de\/solution\/optiker\/","og_locale":"de_DE","og_type":"article","og_title":"Optiker","og_description":"F\u00fcr viele Ladenbesitzer stellen anf\u00e4llige Hintert\u00fcren und gro\u00dfe Fenster ein erhebliches Sicherheitsrisiko dar, insbesondere bei Optikern.","og_url":"https:\/\/protectglobal.com\/de\/solution\/optiker\/","og_site_name":"PROTECT Nebelkanonen\u2122","article_publisher":"https:\/\/www.facebook.com\/PROTECTFogCannon\/","article_modified_time":"2024-09-18T12:39:29+00:00","og_image":[{"width":1920,"height":1280,"url":"https:\/\/protectglobal.com\/wp-content\/uploads\/2023\/11\/harpreet-singh-xbphaw-x0i0-unsplash-_1_.jpg","type":"image\/jpeg"}],"twitter_card":"summary_large_image","twitter_site":"@PROTECTFOG","twitter_misc":{"Gesch\u00e4tzte Lesezeit":"1\u00a0Minute"},"schema":{"@context":"https:\/\/schema.org","@graph":[{"@type":"WebPage","@id":"https:\/\/protectglobal.com\/de\/solution\/optiker\/","url":"https:\/\/protectglobal.com\/de\/solution\/optiker\/","name":"Optiker - PROTECT Nebelkanonen\u2122","isPartOf":{"@id":"https:\/\/protectglobal.com\/de\/#website"},"primaryImageOfPage":{"@id":"https:\/\/protectglobal.com\/de\/solution\/optiker\/#primaryimage"},"image":{"@id":"https:\/\/protectglobal.com\/de\/solution\/optiker\/#primaryimage"},"thumbnailUrl":"https:\/\/protectglobal.com\/wp-content\/uploads\/2023\/11\/harpreet-singh-xbphaw-x0i0-unsplash-_1_.jpg","datePublished":"2024-08-12T08:15:28+00:00","dateModified":"2024-09-18T12:39:29+00:00","description":"F\u00fcr viele Ladenbesitzer stellen anf\u00e4llige Hintert\u00fcren und gro\u00dfe Fenster ein erhebliches Sicherheitsrisiko dar, insbesondere bei Optikern.","breadcrumb":{"@id":"https:\/\/protectglobal.com\/de\/solution\/optiker\/#breadcrumb"},"inLanguage":"de","potentialAction":[{"@type":"ReadAction","target":["https:\/\/protectglobal.com\/de\/solution\/optiker\/"]}]},{"@type":"ImageObject","inLanguage":"de","@id":"https:\/\/protectglobal.com\/de\/solution\/optiker\/#primaryimage","url":"https:\/\/protectglobal.com\/wp-content\/uploads\/2023\/11\/harpreet-singh-xbphaw-x0i0-unsplash-_1_.jpg","contentUrl":"https:\/\/protectglobal.com\/wp-content\/uploads\/2023\/11\/harpreet-singh-xbphaw-x0i0-unsplash-_1_.jpg","width":1920,"height":1280,"caption":"opticians"},{"@type":"BreadcrumbList","@id":"https:\/\/protectglobal.com\/de\/solution\/optiker\/#breadcrumb","itemListElement":[{"@type":"ListItem","position":1,"name":"Hjem","item":"https:\/\/protectglobal.com\/de\/"},{"@type":"ListItem","position":2,"name":"Optiker"}]},{"@type":"WebSite","@id":"https:\/\/protectglobal.com\/de\/#website","url":"https:\/\/protectglobal.com\/de\/","name":"PROTECT Fog Cannons\u2122","description":"Buchen Sie ein unverbindliches Einf\u00fchrungsgespr\u00e4ch mit PROTECT und sehen Sie, wie unsere Nebelkanonen Ihr Unternehmen in Sekunden sch\u00fctzen. In nur 30 Minuten erkl\u00e4ren wir die Technik, passende L\u00f6sungen und beantworten Ihre Fragen.","publisher":{"@id":"https:\/\/protectglobal.com\/de\/#organization"},"potentialAction":[{"@type":"SearchAction","target":{"@type":"EntryPoint","urlTemplate":"https:\/\/protectglobal.com\/de\/?s={search_term_string}"},"query-input":{"@type":"PropertyValueSpecification","valueRequired":true,"valueName":"search_term_string"}}],"inLanguage":"de"},{"@type":"Organization","@id":"https:\/\/protectglobal.com\/de\/#organization","name":"PROTECT Fog Cannons\u2122","url":"https:\/\/protectglobal.com\/de\/","logo":{"@type":"ImageObject","inLanguage":"de","@id":"https:\/\/protectglobal.com\/de\/#\/schema\/logo\/image\/","url":"https:\/\/protectglobal.com\/wp-content\/uploads\/2023\/10\/logo.svg","contentUrl":"https:\/\/protectglobal.com\/wp-content\/uploads\/2023\/10\/logo.svg","width":90,"height":40,"caption":"PROTECT Fog Cannons\u2122"},"image":{"@id":"https:\/\/protectglobal.com\/de\/#\/schema\/logo\/image\/"},"sameAs":["https:\/\/www.facebook.com\/PROTECTFogCannon\/","https:\/\/x.com\/PROTECTFOG","https:\/\/www.linkedin.com\/company\/protect-a-s\/","https:\/\/www.youtube.com\/user\/PROTECTFogCannon"],"description":"PROTECT\u2122 specializes in security fog solutions, protecting valuables in retail, banks, warehouses any many other industries across more than 50 countries. With over 175,000 fog cannons installed, our systems fill rooms with dense fog in seconds, deterring burglars and preventing theft. We focus on providing reliable, durable, and easy-to-install solutions for enhanced security and peace of mind.","email":"info@protectglobal.com","telephone":"+45 8672 1881","legalName":"PROTECT A\/S","foundingDate":"2000-09-28","vatID":"25687272","numberOfEmployees":{"@type":"QuantitativeValue","minValue":"11","maxValue":"50"}}]}},"_links":{"self":[{"href":"https:\/\/protectglobal.com\/de\/wp-json\/wp\/v2\/solution\/18845","targetHints":{"allow":["GET"]}}],"collection":[{"href":"https:\/\/protectglobal.com\/de\/wp-json\/wp\/v2\/solution"}],"about":[{"href":"https:\/\/protectglobal.com\/de\/wp-json\/wp\/v2\/types\/solution"}],"wp:featuredmedia":[{"embeddable":true,"href":"https:\/\/protectglobal.com\/de\/wp-json\/wp\/v2\/media\/1255"}],"wp:attachment":[{"href":"https:\/\/protectglobal.com\/de\/wp-json\/wp\/v2\/media?parent=18845"}],"wp:term":[{"taxonomy":"solution-category","embeddable":true,"href":"https:\/\/protectglobal.com\/de\/wp-json\/wp\/v2\/solution-category?post=18845"}],"curies":[{"name":"wp","href":"https:\/\/api.w.org\/{rel}","templated":true}]}}