{"id":18834,"date":"2024-08-06T06:33:05","date_gmt":"2024-08-06T06:33:05","guid":{"rendered":"https:\/\/protectglobal.com\/solution\/einkaufszentren\/"},"modified":"2024-10-02T11:45:09","modified_gmt":"2024-10-02T11:45:09","slug":"einkaufszentren","status":"publish","type":"solution","link":"https:\/\/protectglobal.com\/de\/solution\/einkaufszentren\/","title":{"rendered":"Einkaufszentren"},"content":{"rendered":"\n\n\n\n    <div class=\"two-col-layout-block custom-block  py-5\" style=\"\">\n        <div class=\"container py-xxl-5\" data-aos=\"fade-in\">\n            <div class=\"row gap-4 m-auto py-xxl-5 \">\n                <blockquote class=\"col-sm p-0 m-0 content \">\n                    <div class=\"heading-section\"> \n                                                                    <\/div>\n                           \n                    \n                                                        <\/blockquote>\n                       \n            <\/div>\n        <\/div>\n    <\/div>\n\n\n\n\n\n\n\n    <div class=\"two-col-layout-block custom-block white py-5\" style=\"\">\n        <div class=\"container py-xxl-5\" data-aos=\"fade-in\">\n            <div class=\"row gap-4 m-auto py-xxl-5 flipped\">\n                <blockquote class=\"col-sm p-0 m-0 content white\">\n                    <div class=\"heading-section\"> \n                                                                    <\/div>\n                                            <div class=\"col-md mobile-image d-lg-none my-4\">\n                            <img decoding=\"async\" class=\"rounder lazyload\" data-src=\"https:\/\/protectglobal.com\/wp-content\/uploads\/2024\/07\/heidi-fin-2tlrezi7bug-unsplash-1024x664.jpg\" alt=\"\" src=\"data:image\/svg+xml;base64,PHN2ZyB3aWR0aD0iMSIgaGVpZ2h0PSIxIiB4bWxucz0iaHR0cDovL3d3dy53My5vcmcvMjAwMC9zdmciPjwvc3ZnPg==\" style=\"--smush-placeholder-width: 1024px; --smush-placeholder-aspect-ratio: 1024\/664;\">       \n                        <\/div>\n                           \n                                            <div class=\"body-text\"><p>Durch die Installation einer PROTECT Fog Cannon verf\u00fcgt Ihr Einkaufszentrum \u00fcber eine proaktive Sicherheitsl\u00f6sung, die Kriminelle stoppt, anstatt nur vor ihnen zu warnen. So k\u00f6nnen sich sowohl Kunden als auch Mitarbeiter in der Einkaufsumgebung sicher f\u00fchlen und wissen, dass sie gut gesch\u00fctzt sind, falls es tags\u00fcber zu kriminellen Handlungen kommt. PROTECT-Nebelkanonen lassen sich in bestehende Sicherheitssysteme wie Alarmanlagen und \u00dcberwachungskameras integrieren und k\u00f6nnen die Sicherheit des Einkaufszentrums insgesamt verbessern.   &nbsp; PROTECT-Nebelkanonen bieten einen robusten Schutz, der strategisch in verschiedenen Bereichen des Einkaufszentrums platziert werden kann, z. B. an Eing\u00e4ngen, Ausg\u00e4ngen und hochwertigen Ladenbereichen. Durch die Aktivierung von Nebelkanonen k\u00f6nnen Einkaufszentren auch ihre Sicherheitsma\u00dfnahmen verbessern, wertvolle Verm\u00f6genswerte sch\u00fctzen und sicherstellen, dass das Gel\u00e4nde \u00fcber Nacht sicher ist. Durch das Aussto\u00dfen eines dichten wei\u00dfen Nebels wird es unm\u00f6glich, etwas zu sehen und somit Schaden anzurichten.   &nbsp; Der Nebel ist sowohl f\u00fcr Menschen als auch f\u00fcr Produkte sicher und hinterl\u00e4sst keine R\u00fcckst\u00e4nde, so dass die Aufr\u00e4umarbeiten minimal sind und das Inventar des Gesch\u00e4fts nicht besch\u00e4digt wird. Das bedeutet auch, dass nach einem Vorfall der normale Betrieb sofort wieder aufgenommen werden kann, ohne lange Verz\u00f6gerungen und Ausfallzeiten. <\/p>\n<\/div>\n                    \n                                            <div class=\"button-group container-sm d-sm-flex gap-3 h-auto my-4 p-0\">  \n                                                <\/div>\n                                                        <\/blockquote>\n                                    <div  class=\"col-lg-7 d-none d-lg-block desktop-image p-0 m-0 flipped\">\n                        <img decoding=\"async\" class=\"rounder lazyload\" data-src=\"https:\/\/protectglobal.com\/wp-content\/uploads\/2024\/07\/heidi-fin-2tlrezi7bug-unsplash-1024x664.jpg\" alt=\"\" src=\"data:image\/svg+xml;base64,PHN2ZyB3aWR0aD0iMSIgaGVpZ2h0PSIxIiB4bWxucz0iaHR0cDovL3d3dy53My5vcmcvMjAwMC9zdmciPjwvc3ZnPg==\" style=\"--smush-placeholder-width: 1024px; --smush-placeholder-aspect-ratio: 1024\/664;\">\n                        <i class=\"image-graphic d-block white\"><\/i>       \n                    <\/div>\n                       \n            <\/div>\n        <\/div>\n    <\/div>\n\n\n\n\n\n<section class=\"content-toggle-block custom-block black py-5\" style=\"\">\n    <section class=\"py-xxl-5 py-5\">\n                <div class=\"switchable-content\">\n            <!-- Content option 1 -->\n                                                                <div class=\"content-option option-1 container\" aria-hidden=\"false\">\n                        <section class=\"row gap-lg-5\">\n                                                                                        <section class=\"col-lg-10 mx-auto col-12 column-2 \">\n                                    <section class=\"accordion\">\n                                                                                    <div class=\"acc-item d-flex flex-column gap-3 pb-3 \">\n                                                <button class=\"acc-button w-100 text-start p-0 d-flex justify-content-between \">\n                                                    <h4 class=\"mb-0 fs-5\">Kann die Fl\u00e4che zu gro\u00df oder zu klein sein?<\/h4>\n                                                    <svg class=\"acc-icon\" width=\"20\" height=\"20\" viewBox=\"0 0 20 20\" fill=\"none\" xmlns=\"http:\/\/www.w3.org\/2000\/svg\">\n                                                        <g clip-path=\"url(#clip0_2099_15870)\">\n                                                            <rect x=\"24.1421\" y=\"-2.28516\" width=\"5\" height=\"25\" transform=\"rotate(45 24.1421 -2.28516)\" fill=\"#DCDCDC\"\/>\n                                                            <rect x=\"-7.67773\" y=\"1.25\" width=\"5\" height=\"17.5\" transform=\"rotate(-45 -7.67773 1.25)\" fill=\"#DCDCDC\"\/>\n                                                        <\/g>\n                                                        <defs>\n                                                            <clipPath id=\"clip0_2099_15870\">\n                                                                <rect width=\"20\" height=\"20\" fill=\"white\" transform=\"translate(20) rotate(90)\"\/>\n                                                            <\/clipPath>\n                                                        <\/defs>\n                                                    <\/svg>\n                                                <\/button>\n                                                <div class=\"acc-content \" aria-hidden=\"true\">\n                                                    <blockquote class=\"body-text font-white\"><p><span data-contrast=\"auto\">Sicherheits<\/span>&#8211;<span data-contrast=\"auto\">Nebel<\/span><span data-contrast=\"auto\"> kann in R\u00e4umen aller Gr\u00f6\u00dfenordnungen eingesetzt werden. Ihr Alarmanlageninstallateur wird gemeinsam mit Ihnen festlegen, was durch den Nebel gesch\u00fctzt werden muss. Dann misst er den Raum aus und berechnet, welche <span class=\"s1\">Nebelkanone<\/span> zu verwenden ist und ob  <\/span><span data-contrast=\"auto\"> <\/span><span data-contrast=\"auto\">mehr als eine <span class=\"s1\">Nebelkanone <\/span><\/span><span data-contrast=\"auto\">ben\u00f6tigt wird<\/span><span data-contrast=\"auto\">.<\/span><span data-ccp-props=\"{\"201341983\":0,\"335559739\":160,\"335559740\":259}\" data-wac-het=\"1\"> <\/span><\/p>\n<p><span data-contrast=\"auto\">Wenn Sie eine sehr hohe Decke haben, haben wir eine L\u00f6sung, die diese Herausforderung meistert. PROTECT <span class=\"NormalTextRun SCXW766526 BCX0\" data-wac-het=\"1\"><span class=\"TextRun SCXW766526 BCX0\" lang=\"EN-US\" data-contrast=\"auto\">\u2122<\/span><\/span> hat eine <span class=\"s1\">Nebelkanone<\/span> <\/span><span data-contrast=\"auto\"> f\u00fcr jeden Bedarf.<\/span><span data-ccp-props=\"{\"201341983\":0,\"335559739\":160,\"335559740\":259}\" data-wac-het=\"1\"> <\/span><\/p>\n<\/blockquote>\n                                                <\/div>\n                                            <\/div>\n                                                                                    <div class=\"acc-item d-flex flex-column gap-3 pb-3 \">\n                                                <button class=\"acc-button w-100 text-start p-0 d-flex justify-content-between \">\n                                                    <h4 class=\"mb-0 fs-5\">Kann ich die Nebelkanone verstecken?<\/h4>\n                                                    <svg class=\"acc-icon\" width=\"20\" height=\"20\" viewBox=\"0 0 20 20\" fill=\"none\" xmlns=\"http:\/\/www.w3.org\/2000\/svg\">\n                                                        <g clip-path=\"url(#clip0_2099_15870)\">\n                                                            <rect x=\"24.1421\" y=\"-2.28516\" width=\"5\" height=\"25\" transform=\"rotate(45 24.1421 -2.28516)\" fill=\"#DCDCDC\"\/>\n                                                            <rect x=\"-7.67773\" y=\"1.25\" width=\"5\" height=\"17.5\" transform=\"rotate(-45 -7.67773 1.25)\" fill=\"#DCDCDC\"\/>\n                                                        <\/g>\n                                                        <defs>\n                                                            <clipPath id=\"clip0_2099_15870\">\n                                                                <rect width=\"20\" height=\"20\" fill=\"white\" transform=\"translate(20) rotate(90)\"\/>\n                                                            <\/clipPath>\n                                                        <\/defs>\n                                                    <\/svg>\n                                                <\/button>\n                                                <div class=\"acc-content \" aria-hidden=\"true\">\n                                                    <blockquote class=\"body-text font-white\"><p><span data-contrast=\"auto\">Ja! Unsere <span class=\"s1\">Nebelkanonen<\/span> sind f\u00fcr den versteckten Einbau \u00fcber der Decke oder hinter der Wand vorbereitet.  <\/span><span data-contrast=\"auto\">It<\/span><span data-contrast=\"auto\"> <\/span><span data-contrast=\"auto\">Es wird lediglich<\/span><span data-contrast=\"auto\"> ein kleines Loch ben\u00f6tigt, damit der Nebel<\/span><span data-contrast=\"auto\"> in<\/span><span data-contrast=\"auto\"> den Raum <\/span><span data-contrast=\"auto\">geschossen werden kann.<\/span><span data-contrast=\"auto\">.<br \/>\nHowever, if the<span class=\"s1\">fog cannons<\/span> is placed in a   <\/span><span data-contrast=\"auto\">Loft<\/span><span data-contrast=\"auto\"> <\/span><span data-contrast=\"auto\">Die Decke <\/span><span data-contrast=\"auto\">muss <\/span><span data-contrast=\"auto\">trocken sein und immer \u00fcber 5 Grad Celsius liegen.<\/span><span data-ccp-props=\"{\"201341983\":0,\"335559739\":160,\"335559740\":259}\" data-wac-het=\"1\"> <\/span> Wenn die <span class=\"s1\">Nebelkanone<\/span> nicht ganz durch die Wand reicht, haben wir ein Verl\u00e4ngerungsst\u00fcck f\u00fcr die D\u00fcse. Fragen Sie einfach Ihren Alarmanlageninstallateur. (Bitte beachten Sie, dass das Verl\u00e4ngerungsst\u00fcck NICHT f\u00fcr Installationen an der Decke verwendet werden kann).  <\/p>\n<\/blockquote>\n                                                <\/div>\n                                            <\/div>\n                                                                                    <div class=\"acc-item d-flex flex-column gap-3 pb-3 \">\n                                                <button class=\"acc-button w-100 text-start p-0 d-flex justify-content-between \">\n                                                    <h4 class=\"mb-0 fs-5\">Wie wird die Nebelkanone installiert?<\/h4>\n                                                    <svg class=\"acc-icon\" width=\"20\" height=\"20\" viewBox=\"0 0 20 20\" fill=\"none\" xmlns=\"http:\/\/www.w3.org\/2000\/svg\">\n                                                        <g clip-path=\"url(#clip0_2099_15870)\">\n                                                            <rect x=\"24.1421\" y=\"-2.28516\" width=\"5\" height=\"25\" transform=\"rotate(45 24.1421 -2.28516)\" fill=\"#DCDCDC\"\/>\n                                                            <rect x=\"-7.67773\" y=\"1.25\" width=\"5\" height=\"17.5\" transform=\"rotate(-45 -7.67773 1.25)\" fill=\"#DCDCDC\"\/>\n                                                        <\/g>\n                                                        <defs>\n                                                            <clipPath id=\"clip0_2099_15870\">\n                                                                <rect width=\"20\" height=\"20\" fill=\"white\" transform=\"translate(20) rotate(90)\"\/>\n                                                            <\/clipPath>\n                                                        <\/defs>\n                                                    <\/svg>\n                                                <\/button>\n                                                <div class=\"acc-content \" aria-hidden=\"true\">\n                                                    <blockquote class=\"body-text font-white\"><p><span class=\"TextRun BCX0 SCXW127594014\" lang=\"EN-US\" data-contrast=\"auto\" xml:lang=\"EN-US\"><span class=\"NormalTextRun BCX0 SCXW127594014\" data-wac-het=\"1\">Eine PROTECT Fog Cannon \u00ae wird immer von einem unserer autorisierten Installateure installiert, um sicherzustellen, dass Ihre <span class=\"s1\">Nebelkanone <\/span>korrekt installiert wird. Dies wird durch die europ\u00e4ische Norm f\u00fcr Nebel bestimmt  <\/span><\/span><span class=\"TextRun BCX0 SCXW127594014\" lang=\"EN-US\" data-contrast=\"auto\"><span class=\"NormalTextRun BCX0 SCXW127594014\" data-wac-het=\"1\">Kanonen<\/span><\/span><span class=\"TextRun BCX0 SCXW127594014\" lang=\"EN-US\" data-contrast=\"auto\"><span class=\"NormalTextRun BCX0 SCXW127594014\" data-wac-het=\"1\"> EN 50131-8: 2019.<\/span><\/span><\/p>\n<\/blockquote>\n                                                <\/div>\n                                            <\/div>\n                                                                                    <div class=\"acc-item d-flex flex-column gap-3 pb-3 \">\n                                                <button class=\"acc-button w-100 text-start p-0 d-flex justify-content-between \">\n                                                    <h4 class=\"mb-0 fs-5\">K\u00f6nnen mehrere Nebelkanonen im Einkaufszentrum \u201emiteinander sprechen\u201c?<\/h4>\n                                                    <svg class=\"acc-icon\" width=\"20\" height=\"20\" viewBox=\"0 0 20 20\" fill=\"none\" xmlns=\"http:\/\/www.w3.org\/2000\/svg\">\n                                                        <g clip-path=\"url(#clip0_2099_15870)\">\n                                                            <rect x=\"24.1421\" y=\"-2.28516\" width=\"5\" height=\"25\" transform=\"rotate(45 24.1421 -2.28516)\" fill=\"#DCDCDC\"\/>\n                                                            <rect x=\"-7.67773\" y=\"1.25\" width=\"5\" height=\"17.5\" transform=\"rotate(-45 -7.67773 1.25)\" fill=\"#DCDCDC\"\/>\n                                                        <\/g>\n                                                        <defs>\n                                                            <clipPath id=\"clip0_2099_15870\">\n                                                                <rect width=\"20\" height=\"20\" fill=\"white\" transform=\"translate(20) rotate(90)\"\/>\n                                                            <\/clipPath>\n                                                        <\/defs>\n                                                    <\/svg>\n                                                <\/button>\n                                                <div class=\"acc-content \" aria-hidden=\"true\">\n                                                    <blockquote class=\"body-text font-white\"><p><span class=\"TextRun SCXW97463568 BCX0\" lang=\"EN-US\" data-contrast=\"auto\" xml:lang=\"EN-US\"><span class=\"NormalTextRun SCXW97463568 BCX0\" data-wac-het=\"1\">Ja, es gibt mehrere M\u00f6glichkeiten, Ihre PROTECT Fog Cannon \u00ae zu bedienen.  <\/span><\/span><span class=\"TextRun SCXW97463568 BCX0\" lang=\"EN-US\" data-contrast=\"auto\" xml:lang=\"EN-US\"><span class=\"NormalTextRun SCXW97463568 BCX0\" data-wac-het=\"1\">IPCard <\/span><\/span><span class=\"TextRun SCXW97463568 BCX0\" lang=\"EN-US\" data-contrast=\"auto\" xml:lang=\"EN-US\"><span class=\"NormalTextRun SCXW97463568 BCX0\" data-wac-het=\"1\">\u2122, <\/span><\/span><span class=\"TextRun SCXW97463568 BCX0\" lang=\"EN-US\" data-contrast=\"auto\" xml:lang=\"EN-US\"><span class=\"NormalTextRun SpellingErrorV2 SCXW97463568 BCX0\" data-wac-het=\"1\">UniBusCard <\/span><\/span><span class=\"TextRun SCXW97463568 BCX0\" lang=\"EN-US\" data-contrast=\"auto\" xml:lang=\"EN-US\"><span class=\"NormalTextRun SCXW97463568 BCX0\" data-wac-het=\"1\">\u2122, <\/span><\/span><span class=\"TextRun SCXW97463568 BCX0\" lang=\"EN-US\" data-contrast=\"auto\" xml:lang=\"EN-US\"><span class=\"NormalTextRun SpellingErrorV2 SCXW97463568 BCX0\" data-wac-het=\"1\">MultiCard <\/span><\/span><span class=\"TextRun SCXW97463568 BCX0\" lang=\"EN-US\" data-contrast=\"auto\" xml:lang=\"EN-US\"><span class=\"NormalTextRun SCXW97463568 BCX0\" data-wac-het=\"1\">\u2122, <\/span><\/span><span class=\"TextRun SCXW97463568 BCX0\" lang=\"EN-US\" data-contrast=\"auto\" xml:lang=\"EN-US\"><span class=\"NormalTextRun SpellingErrorV2 SCXW97463568 BCX0\" data-wac-het=\"1\">IntelliSuite <\/span><\/span><span class=\"TextRun SCXW97463568 BCX0\" lang=\"EN-US\" data-contrast=\"auto\" xml:lang=\"EN-US\"><span class=\"NormalTextRun SCXW97463568 BCX0\" data-wac-het=\"1\">\u2122, <\/span><\/span><span class=\"TextRun SCXW97463568 BCX0\" lang=\"EN-US\" data-contrast=\"auto\" xml:lang=\"EN-US\"><span class=\"NormalTextRun SpellingErrorV2 SCXW97463568 BCX0\" data-wac-het=\"1\">IntelliConnector <\/span><\/span><span class=\"TextRun SCXW97463568 BCX0\" lang=\"EN-US\" data-contrast=\"auto\" xml:lang=\"EN-US\"><span class=\"NormalTextRun SCXW97463568 BCX0\" data-wac-het=\"1\">\u2122, <\/span><\/span><span class=\"TextRun SCXW97463568 BCX0\" lang=\"EN-US\" data-contrast=\"auto\" xml:lang=\"EN-US\"><span class=\"NormalTextRun SpellingErrorV2 SCXW97463568 BCX0\" data-wac-het=\"1\">IntelliBox<\/span><\/span><span class=\"TextRun SCXW97463568 BCX0\" lang=\"EN-US\" data-contrast=\"auto\" xml:lang=\"EN-US\"><span class=\"NormalTextRun SCXW97463568 BCX0\" data-wac-het=\"1\"> IP \u2122, <\/span><\/span><span class=\"TextRun SCXW97463568 BCX0\" lang=\"EN-US\" data-contrast=\"auto\" xml:lang=\"EN-US\"><span class=\"NormalTextRun SpellingErrorV2 SCXW97463568 BCX0\" data-wac-het=\"1\">IntelliBox<\/span><\/span><span class=\"TextRun SCXW97463568 BCX0\" lang=\"EN-US\" data-contrast=\"auto\" xml:lang=\"EN-US\"><span class=\"NormalTextRun SCXW97463568 BCX0\" data-wac-het=\"1\"> USB \u2122 und unsere <\/span><\/span><span class=\"TextRun SCXW97463568 BCX0\" lang=\"EN-US\" data-contrast=\"auto\" xml:lang=\"EN-US\"><span class=\"NormalTextRun SpellingErrorV2 SCXW97463568 BCX0\" data-wac-het=\"1\">IntelliCloud <\/span><\/span><span class=\"TextRun SCXW97463568 BCX0\" lang=\"EN-US\" data-contrast=\"auto\" xml:lang=\"EN-US\"><span class=\"NormalTextRun SCXW97463568 BCX0\" data-wac-het=\"1\">\u2122. Lesen Sie <a title=\"\" href=\"https:\/\/protectglobal.com\/products\/monitoring-services\/protect-intellicloud\/\" target=\"_blank\" rel=\"noopener\">hier <\/a>mehr oder fragen Sie Ihren Alarmanlageninstallateur. <\/span><\/span><span class=\"EOP SCXW97463568 BCX0\" data-ccp-props=\"{\"201341983\":0,\"335559739\":160,\"335559740\":259}\" data-wac-het=\"1\"> <\/span><\/p>\n<\/blockquote>\n                                                <\/div>\n                                            <\/div>\n                                                                                    <div class=\"acc-item d-flex flex-column gap-3 pb-3 \">\n                                                <button class=\"acc-button w-100 text-start p-0 d-flex justify-content-between \">\n                                                    <h4 class=\"mb-0 fs-5\">Hinterl\u00e4sst der Sicherheitsnebel nach dem Brand R\u00fcckst\u00e4nde?<\/h4>\n                                                    <svg class=\"acc-icon\" width=\"20\" height=\"20\" viewBox=\"0 0 20 20\" fill=\"none\" xmlns=\"http:\/\/www.w3.org\/2000\/svg\">\n                                                        <g clip-path=\"url(#clip0_2099_15870)\">\n                                                            <rect x=\"24.1421\" y=\"-2.28516\" width=\"5\" height=\"25\" transform=\"rotate(45 24.1421 -2.28516)\" fill=\"#DCDCDC\"\/>\n                                                            <rect x=\"-7.67773\" y=\"1.25\" width=\"5\" height=\"17.5\" transform=\"rotate(-45 -7.67773 1.25)\" fill=\"#DCDCDC\"\/>\n                                                        <\/g>\n                                                        <defs>\n                                                            <clipPath id=\"clip0_2099_15870\">\n                                                                <rect width=\"20\" height=\"20\" fill=\"white\" transform=\"translate(20) rotate(90)\"\/>\n                                                            <\/clipPath>\n                                                        <\/defs>\n                                                    <\/svg>\n                                                <\/button>\n                                                <div class=\"acc-content \" aria-hidden=\"true\">\n                                                    <blockquote class=\"body-text font-white\"><p><span class=\"TextRun SCXW104237037 BCX0\" lang=\"EN-US\" data-contrast=\"auto\" xml:lang=\"EN-US\"><span class=\"NormalTextRun SCXW104237037 BCX0\" data-wac-het=\"1\">Nein. Wir empfehlen jedoch, innerhalb von 1 Stunde nach dem Brand zu entl\u00fcften, um eine Kondensation des wasserbasierten  <\/span><\/span><span class=\"TextRun SCXW104237037 BCX0\" lang=\"EN-US\" data-contrast=\"auto\" xml:lang=\"EN-US\"><span class=\"NormalTextRun SCXW104237037 BCX0\" data-wac-het=\"1\">Nebels<\/span><\/span><span class=\"TextRun SCXW104237037 BCX0\" lang=\"EN-US\" data-contrast=\"auto\" xml:lang=\"EN-US\"><span class=\"NormalTextRun SCXW104237037 BCX0\" data-wac-het=\"1\">.<br \/>\nIf this does not happen, you will probably still not be able to see or feel that a <span class=\"s1\">fog cannon<\/span> has been fired.   <\/span><\/span><span class=\"TextRun SCXW104237037 BCX0\" lang=\"EN-US\" data-contrast=\"auto\" xml:lang=\"EN-US\"><span class=\"NormalTextRun SCXW104237037 BCX0\" data-wac-het=\"1\">Jede<\/span><\/span><span class=\"TextRun SCXW104237037 BCX0\" lang=\"EN-US\" data-contrast=\"auto\" xml:lang=\"EN-US\"><span class=\"NormalTextRun SCXW104237037 BCX0\" data-wac-het=\"1\"> <\/span><\/span><span class=\"TextRun SCXW104237037 BCX0\" lang=\"EN-US\" data-contrast=\"auto\" xml:lang=\"EN-US\"><span class=\"NormalTextRun SCXW104237037 BCX0\" data-wac-het=\"1\">Reinigung von horizontalen Fl\u00e4chen sollte nur mit einem groben Lappen ohne Reinigungsmittel erfolgen.<\/span><\/span><span class=\"EOP SCXW104237037 BCX0\" data-ccp-props=\"{\"201341983\":0,\"335559739\":160,\"335559740\":259}\" data-wac-het=\"1\"> <\/span><\/p>\n<\/blockquote>\n                                                <\/div>\n                                            <\/div>\n                                                                            <\/section>\n                                <\/section>\n                                                    <\/section>\n                    <\/div>\n                                        <!-- Content option 2 -->\n                    <\/div>\n    <\/section>\n<\/section>\n\n\n\n\n\n    <section class=\"call-to-action-block custom-block py-5\" style=\"\"> \n        <div class=\"container py-xxl-5\" data-aos=\"fade-in\">\n            <blockquote class=\"position-relative col-sm content text-center cta-wrapper p-lg-5 px-4 py-5 rounder d-flex flex-column justify-content-center align-items-center \">\n                    <div class=\"heading-section pt-5\"> \n                                                    <p class=\"mb-4 small section-label font-white\">Kontakt<\/p>\n                                                                            <h2 class=\"heading mb-4 font-white\">Finden Sie Ihren \u00f6rtlichen H\u00e4ndler<\/h2>\n                                            <\/div>\n                                            <div class=\"body-text font-white\">Wenn Sie daran interessiert sind, mehr dar\u00fcber zu erfahren, wie PROTECT-Nebelkanonen Ihnen helfen k\u00f6nnen, dann z\u00f6gern Sie nicht, Ihren H\u00e4ndler vor Ort f\u00fcr weitere Informationen zu kontaktieren<\/div>\n                                                                <div class=\"button-group mb-3 d-flex flex-column flex-md-row justify-content-center container-sm my-4 h-auto p-0 gap-3\">  \n                            <a href=\"https:\/\/protectglobal.com\/find-local-distributor\/\" class=\"d-flex gap-3 justify-content-center justify-content-md-start button align-items-center primary\" target=\"_blank\">\n       Find your local distributor here       <i class=\"icon-chevron\"><\/i>\n    <\/a>\n                        <\/div>\n                                        <video  autoplay loop muted class=\"position-absolute w-100 h-100 top-0 left-0 object-fit-cover\" poster=\"https:\/\/protectglobal.com\/wp-content\/uploads\/2023\/03\/banner-new-distributor-1024x683.png\">\n                        <source src=\"\" type=\"video\/mp4\">\n                    <\/video>                  \n            <\/blockquote>    \n        <\/div>  \n    <\/section>\n","protected":false},"featured_media":15543,"template":"","solution-category":[246],"class_list":["post-18834","solution","type-solution","status-publish","has-post-thumbnail","hentry","solution-category-einzelhandel"],"acf":[],"yoast_head":"<!-- This site is optimized with the Yoast SEO Premium plugin v27.3 (Yoast SEO v27.3) - https:\/\/yoast.com\/product\/yoast-seo-premium-wordpress\/ -->\n<title>Einkaufszentren - PROTECT Nebelkanonen\u2122<\/title>\n<meta name=\"description\" content=\"Nebelkanonen k\u00f6nnen eine wirksame Sicherheitsma\u00dfnahme f\u00fcr Einkaufszentren sein, insbesondere nach Ladenschluss, wenn die Gefahr von Einbr\u00fcchen und Vandalismus am gr\u00f6\u00dften ist.\" \/>\n<meta name=\"robots\" content=\"index, follow, max-snippet:-1, max-image-preview:large, max-video-preview:-1\" \/>\n<link rel=\"canonical\" href=\"https:\/\/protectglobal.com\/de\/solution\/einkaufszentren\/\" \/>\n<meta property=\"og:locale\" content=\"de_DE\" \/>\n<meta property=\"og:type\" content=\"article\" \/>\n<meta property=\"og:title\" content=\"Einkaufszentren\" \/>\n<meta property=\"og:description\" content=\"Nebelkanonen k\u00f6nnen eine wirksame Sicherheitsma\u00dfnahme f\u00fcr Einkaufszentren sein, insbesondere nach Ladenschluss, wenn die Gefahr von Einbr\u00fcchen und Vandalismus am gr\u00f6\u00dften ist.\" \/>\n<meta property=\"og:url\" content=\"https:\/\/protectglobal.com\/de\/solution\/einkaufszentren\/\" \/>\n<meta property=\"og:site_name\" content=\"PROTECT Nebelkanonen\u2122\" \/>\n<meta property=\"article:publisher\" content=\"https:\/\/www.facebook.com\/PROTECTFogCannon\/\" \/>\n<meta property=\"article:modified_time\" content=\"2024-10-02T11:45:09+00:00\" \/>\n<meta property=\"og:image\" content=\"https:\/\/protectglobal.com\/wp-content\/uploads\/2024\/07\/michael-weidemann-oghtfu1uroy-unsplash-1024x576.jpg\" \/>\n\t<meta property=\"og:image:width\" content=\"1024\" \/>\n\t<meta property=\"og:image:height\" content=\"576\" \/>\n\t<meta property=\"og:image:type\" content=\"image\/jpeg\" \/>\n<meta name=\"twitter:card\" content=\"summary_large_image\" \/>\n<meta name=\"twitter:site\" content=\"@PROTECTFOG\" \/>\n<meta name=\"twitter:label1\" content=\"Gesch\u00e4tzte Lesezeit\" \/>\n\t<meta name=\"twitter:data1\" content=\"1\u00a0Minute\" \/>\n<script type=\"application\/ld+json\" class=\"yoast-schema-graph\">{\"@context\":\"https:\\\/\\\/schema.org\",\"@graph\":[{\"@type\":\"WebPage\",\"@id\":\"https:\\\/\\\/protectglobal.com\\\/de\\\/solution\\\/einkaufszentren\\\/\",\"url\":\"https:\\\/\\\/protectglobal.com\\\/de\\\/solution\\\/einkaufszentren\\\/\",\"name\":\"Einkaufszentren - PROTECT Nebelkanonen\u2122\",\"isPartOf\":{\"@id\":\"https:\\\/\\\/protectglobal.com\\\/de\\\/#website\"},\"primaryImageOfPage\":{\"@id\":\"https:\\\/\\\/protectglobal.com\\\/de\\\/solution\\\/einkaufszentren\\\/#primaryimage\"},\"image\":{\"@id\":\"https:\\\/\\\/protectglobal.com\\\/de\\\/solution\\\/einkaufszentren\\\/#primaryimage\"},\"thumbnailUrl\":\"https:\\\/\\\/protectglobal.com\\\/wp-content\\\/uploads\\\/2024\\\/07\\\/michael-weidemann-oghtfu1uroy-unsplash.jpg\",\"datePublished\":\"2024-08-06T06:33:05+00:00\",\"dateModified\":\"2024-10-02T11:45:09+00:00\",\"description\":\"Nebelkanonen k\u00f6nnen eine wirksame Sicherheitsma\u00dfnahme f\u00fcr Einkaufszentren sein, insbesondere nach Ladenschluss, wenn die Gefahr von Einbr\u00fcchen und Vandalismus am gr\u00f6\u00dften ist.\",\"breadcrumb\":{\"@id\":\"https:\\\/\\\/protectglobal.com\\\/de\\\/solution\\\/einkaufszentren\\\/#breadcrumb\"},\"inLanguage\":\"de\",\"potentialAction\":[{\"@type\":\"ReadAction\",\"target\":[\"https:\\\/\\\/protectglobal.com\\\/de\\\/solution\\\/einkaufszentren\\\/\"]}]},{\"@type\":\"ImageObject\",\"inLanguage\":\"de\",\"@id\":\"https:\\\/\\\/protectglobal.com\\\/de\\\/solution\\\/einkaufszentren\\\/#primaryimage\",\"url\":\"https:\\\/\\\/protectglobal.com\\\/wp-content\\\/uploads\\\/2024\\\/07\\\/michael-weidemann-oghtfu1uroy-unsplash.jpg\",\"contentUrl\":\"https:\\\/\\\/protectglobal.com\\\/wp-content\\\/uploads\\\/2024\\\/07\\\/michael-weidemann-oghtfu1uroy-unsplash.jpg\",\"width\":6000,\"height\":3375,\"caption\":\"malls\"},{\"@type\":\"BreadcrumbList\",\"@id\":\"https:\\\/\\\/protectglobal.com\\\/de\\\/solution\\\/einkaufszentren\\\/#breadcrumb\",\"itemListElement\":[{\"@type\":\"ListItem\",\"position\":1,\"name\":\"Hjem\",\"item\":\"https:\\\/\\\/protectglobal.com\\\/de\\\/\"},{\"@type\":\"ListItem\",\"position\":2,\"name\":\"Einkaufszentren\"}]},{\"@type\":\"WebSite\",\"@id\":\"https:\\\/\\\/protectglobal.com\\\/de\\\/#website\",\"url\":\"https:\\\/\\\/protectglobal.com\\\/de\\\/\",\"name\":\"PROTECT Fog Cannons\u2122\",\"description\":\"Buchen Sie ein unverbindliches Einf\u00fchrungsgespr\u00e4ch mit PROTECT und sehen Sie, wie unsere Nebelkanonen Ihr Unternehmen in Sekunden sch\u00fctzen. In nur 30 Minuten erkl\u00e4ren wir die Technik, passende L\u00f6sungen und beantworten Ihre Fragen.\",\"publisher\":{\"@id\":\"https:\\\/\\\/protectglobal.com\\\/de\\\/#organization\"},\"potentialAction\":[{\"@type\":\"SearchAction\",\"target\":{\"@type\":\"EntryPoint\",\"urlTemplate\":\"https:\\\/\\\/protectglobal.com\\\/de\\\/?s={search_term_string}\"},\"query-input\":{\"@type\":\"PropertyValueSpecification\",\"valueRequired\":true,\"valueName\":\"search_term_string\"}}],\"inLanguage\":\"de\"},{\"@type\":\"Organization\",\"@id\":\"https:\\\/\\\/protectglobal.com\\\/de\\\/#organization\",\"name\":\"PROTECT Fog Cannons\u2122\",\"url\":\"https:\\\/\\\/protectglobal.com\\\/de\\\/\",\"logo\":{\"@type\":\"ImageObject\",\"inLanguage\":\"de\",\"@id\":\"https:\\\/\\\/protectglobal.com\\\/de\\\/#\\\/schema\\\/logo\\\/image\\\/\",\"url\":\"https:\\\/\\\/protectglobal.com\\\/wp-content\\\/uploads\\\/2023\\\/10\\\/logo.svg\",\"contentUrl\":\"https:\\\/\\\/protectglobal.com\\\/wp-content\\\/uploads\\\/2023\\\/10\\\/logo.svg\",\"width\":90,\"height\":40,\"caption\":\"PROTECT Fog Cannons\u2122\"},\"image\":{\"@id\":\"https:\\\/\\\/protectglobal.com\\\/de\\\/#\\\/schema\\\/logo\\\/image\\\/\"},\"sameAs\":[\"https:\\\/\\\/www.facebook.com\\\/PROTECTFogCannon\\\/\",\"https:\\\/\\\/x.com\\\/PROTECTFOG\",\"https:\\\/\\\/www.linkedin.com\\\/company\\\/protect-a-s\\\/\",\"https:\\\/\\\/www.youtube.com\\\/user\\\/PROTECTFogCannon\"],\"description\":\"PROTECT\u2122 specializes in security fog solutions, protecting valuables in retail, banks, warehouses any many other industries across more than 50 countries. With over 175,000 fog cannons installed, our systems fill rooms with dense fog in seconds, deterring burglars and preventing theft. We focus on providing reliable, durable, and easy-to-install solutions for enhanced security and peace of mind.\",\"email\":\"info@protectglobal.com\",\"telephone\":\"+45 8672 1881\",\"legalName\":\"PROTECT A\\\/S\",\"foundingDate\":\"2000-09-28\",\"vatID\":\"25687272\",\"numberOfEmployees\":{\"@type\":\"QuantitativeValue\",\"minValue\":\"11\",\"maxValue\":\"50\"}}]}<\/script>\n<!-- \/ Yoast SEO Premium plugin. -->","yoast_head_json":{"title":"Einkaufszentren - PROTECT Nebelkanonen\u2122","description":"Nebelkanonen k\u00f6nnen eine wirksame Sicherheitsma\u00dfnahme f\u00fcr Einkaufszentren sein, insbesondere nach Ladenschluss, wenn die Gefahr von Einbr\u00fcchen und Vandalismus am gr\u00f6\u00dften ist.","robots":{"index":"index","follow":"follow","max-snippet":"max-snippet:-1","max-image-preview":"max-image-preview:large","max-video-preview":"max-video-preview:-1"},"canonical":"https:\/\/protectglobal.com\/de\/solution\/einkaufszentren\/","og_locale":"de_DE","og_type":"article","og_title":"Einkaufszentren","og_description":"Nebelkanonen k\u00f6nnen eine wirksame Sicherheitsma\u00dfnahme f\u00fcr Einkaufszentren sein, insbesondere nach Ladenschluss, wenn die Gefahr von Einbr\u00fcchen und Vandalismus am gr\u00f6\u00dften ist.","og_url":"https:\/\/protectglobal.com\/de\/solution\/einkaufszentren\/","og_site_name":"PROTECT Nebelkanonen\u2122","article_publisher":"https:\/\/www.facebook.com\/PROTECTFogCannon\/","article_modified_time":"2024-10-02T11:45:09+00:00","og_image":[{"width":1024,"height":576,"url":"https:\/\/protectglobal.com\/wp-content\/uploads\/2024\/07\/michael-weidemann-oghtfu1uroy-unsplash-1024x576.jpg","type":"image\/jpeg"}],"twitter_card":"summary_large_image","twitter_site":"@PROTECTFOG","twitter_misc":{"Gesch\u00e4tzte Lesezeit":"1\u00a0Minute"},"schema":{"@context":"https:\/\/schema.org","@graph":[{"@type":"WebPage","@id":"https:\/\/protectglobal.com\/de\/solution\/einkaufszentren\/","url":"https:\/\/protectglobal.com\/de\/solution\/einkaufszentren\/","name":"Einkaufszentren - PROTECT Nebelkanonen\u2122","isPartOf":{"@id":"https:\/\/protectglobal.com\/de\/#website"},"primaryImageOfPage":{"@id":"https:\/\/protectglobal.com\/de\/solution\/einkaufszentren\/#primaryimage"},"image":{"@id":"https:\/\/protectglobal.com\/de\/solution\/einkaufszentren\/#primaryimage"},"thumbnailUrl":"https:\/\/protectglobal.com\/wp-content\/uploads\/2024\/07\/michael-weidemann-oghtfu1uroy-unsplash.jpg","datePublished":"2024-08-06T06:33:05+00:00","dateModified":"2024-10-02T11:45:09+00:00","description":"Nebelkanonen k\u00f6nnen eine wirksame Sicherheitsma\u00dfnahme f\u00fcr Einkaufszentren sein, insbesondere nach Ladenschluss, wenn die Gefahr von Einbr\u00fcchen und Vandalismus am gr\u00f6\u00dften ist.","breadcrumb":{"@id":"https:\/\/protectglobal.com\/de\/solution\/einkaufszentren\/#breadcrumb"},"inLanguage":"de","potentialAction":[{"@type":"ReadAction","target":["https:\/\/protectglobal.com\/de\/solution\/einkaufszentren\/"]}]},{"@type":"ImageObject","inLanguage":"de","@id":"https:\/\/protectglobal.com\/de\/solution\/einkaufszentren\/#primaryimage","url":"https:\/\/protectglobal.com\/wp-content\/uploads\/2024\/07\/michael-weidemann-oghtfu1uroy-unsplash.jpg","contentUrl":"https:\/\/protectglobal.com\/wp-content\/uploads\/2024\/07\/michael-weidemann-oghtfu1uroy-unsplash.jpg","width":6000,"height":3375,"caption":"malls"},{"@type":"BreadcrumbList","@id":"https:\/\/protectglobal.com\/de\/solution\/einkaufszentren\/#breadcrumb","itemListElement":[{"@type":"ListItem","position":1,"name":"Hjem","item":"https:\/\/protectglobal.com\/de\/"},{"@type":"ListItem","position":2,"name":"Einkaufszentren"}]},{"@type":"WebSite","@id":"https:\/\/protectglobal.com\/de\/#website","url":"https:\/\/protectglobal.com\/de\/","name":"PROTECT Fog Cannons\u2122","description":"Buchen Sie ein unverbindliches Einf\u00fchrungsgespr\u00e4ch mit PROTECT und sehen Sie, wie unsere Nebelkanonen Ihr Unternehmen in Sekunden sch\u00fctzen. In nur 30 Minuten erkl\u00e4ren wir die Technik, passende L\u00f6sungen und beantworten Ihre Fragen.","publisher":{"@id":"https:\/\/protectglobal.com\/de\/#organization"},"potentialAction":[{"@type":"SearchAction","target":{"@type":"EntryPoint","urlTemplate":"https:\/\/protectglobal.com\/de\/?s={search_term_string}"},"query-input":{"@type":"PropertyValueSpecification","valueRequired":true,"valueName":"search_term_string"}}],"inLanguage":"de"},{"@type":"Organization","@id":"https:\/\/protectglobal.com\/de\/#organization","name":"PROTECT Fog Cannons\u2122","url":"https:\/\/protectglobal.com\/de\/","logo":{"@type":"ImageObject","inLanguage":"de","@id":"https:\/\/protectglobal.com\/de\/#\/schema\/logo\/image\/","url":"https:\/\/protectglobal.com\/wp-content\/uploads\/2023\/10\/logo.svg","contentUrl":"https:\/\/protectglobal.com\/wp-content\/uploads\/2023\/10\/logo.svg","width":90,"height":40,"caption":"PROTECT Fog Cannons\u2122"},"image":{"@id":"https:\/\/protectglobal.com\/de\/#\/schema\/logo\/image\/"},"sameAs":["https:\/\/www.facebook.com\/PROTECTFogCannon\/","https:\/\/x.com\/PROTECTFOG","https:\/\/www.linkedin.com\/company\/protect-a-s\/","https:\/\/www.youtube.com\/user\/PROTECTFogCannon"],"description":"PROTECT\u2122 specializes in security fog solutions, protecting valuables in retail, banks, warehouses any many other industries across more than 50 countries. With over 175,000 fog cannons installed, our systems fill rooms with dense fog in seconds, deterring burglars and preventing theft. We focus on providing reliable, durable, and easy-to-install solutions for enhanced security and peace of mind.","email":"info@protectglobal.com","telephone":"+45 8672 1881","legalName":"PROTECT A\/S","foundingDate":"2000-09-28","vatID":"25687272","numberOfEmployees":{"@type":"QuantitativeValue","minValue":"11","maxValue":"50"}}]}},"_links":{"self":[{"href":"https:\/\/protectglobal.com\/de\/wp-json\/wp\/v2\/solution\/18834","targetHints":{"allow":["GET"]}}],"collection":[{"href":"https:\/\/protectglobal.com\/de\/wp-json\/wp\/v2\/solution"}],"about":[{"href":"https:\/\/protectglobal.com\/de\/wp-json\/wp\/v2\/types\/solution"}],"wp:featuredmedia":[{"embeddable":true,"href":"https:\/\/protectglobal.com\/de\/wp-json\/wp\/v2\/media\/15543"}],"wp:attachment":[{"href":"https:\/\/protectglobal.com\/de\/wp-json\/wp\/v2\/media?parent=18834"}],"wp:term":[{"taxonomy":"solution-category","embeddable":true,"href":"https:\/\/protectglobal.com\/de\/wp-json\/wp\/v2\/solution-category?post=18834"}],"curies":[{"name":"wp","href":"https:\/\/api.w.org\/{rel}","templated":true}]}}