{"id":27216,"date":"2025-04-03T13:19:22","date_gmt":"2025-04-03T13:19:22","guid":{"rendered":"https:\/\/protectglobal.com\/?page_id=27216"},"modified":"2025-05-06T11:16:10","modified_gmt":"2025-05-06T11:16:10","slug":"einfuehrungsgespraech-mit-protect-buchen","status":"publish","type":"page","link":"https:\/\/protectglobal.com\/de\/einfuehrungsgespraech-mit-protect-buchen\/","title":{"rendered":"Einf\u00fchrungsgespr\u00e4ch mit PROTECT buchen"},"content":{"rendered":"\n<div class=\"wp-block-columns is-layout-flex wp-container-core-columns-is-layout-9d6595d7 wp-block-columns-is-layout-flex\">\n<div class=\"wp-block-column is-layout-flow wp-block-column-is-layout-flow\">\n<!-- Calendly inline widget begin -->\n<div class=\"calendly-inline-widget\" data-url=\"https:\/\/calendly.com\/uhk-protectglobal\/uhk?hide_event_type_details=1&#038;hide_gdpr_banner=1\" style=\"min-width:320px;height:700px;\"><\/div>\n<script type=\"text\/javascript\" src=\"https:\/\/assets.calendly.com\/assets\/external\/widget.js\" async><\/script>\n<!-- Calendly inline widget end -->\n\n\n\n<p><\/p>\n<\/div>\n\n\n\n<div class=\"wp-block-column is-layout-flow wp-block-column-is-layout-flow\">\n<h2 class=\"wp-block-heading\" id=\"h-jetzt-unverbindlich-einen-termin-mit-unserem-vertriebsteam-buchen\"><strong><strong>Jetzt unverbindlich einen Termin mit unserem Vertriebsteam buchen<\/strong><\/strong><\/h2>\n\n\n\n<figure class=\"wp-block-image size-full is-resized\"><img decoding=\"async\" width=\"350\" height=\"416\" data-src=\"https:\/\/protectglobal.com\/wp-content\/uploads\/2025\/05\/uffe.jpg\" alt=\"\" class=\"wp-image-27784 lazyload\" style=\"--smush-placeholder-width: 350px; --smush-placeholder-aspect-ratio: 350\/416;width:167px;height:auto\" data-srcset=\"https:\/\/protectglobal.com\/wp-content\/uploads\/2025\/05\/uffe.jpg 350w, https:\/\/protectglobal.com\/wp-content\/uploads\/2025\/05\/uffe-252x300.jpg 252w\" data-sizes=\"(max-width: 350px) 100vw, 350px\" src=\"data:image\/svg+xml;base64,PHN2ZyB3aWR0aD0iMSIgaGVpZ2h0PSIxIiB4bWxucz0iaHR0cDovL3d3dy53My5vcmcvMjAwMC9zdmciPjwvc3ZnPg==\" \/><figcaption class=\"wp-element-caption\">Uffe H\u00f8j Kristiansen, Strategischer Vertriebsmanage<\/figcaption><\/figure>\n\n\n\n<p>Buchen Sie ein unverbindliches Einf\u00fchrungsgespr\u00e4ch mit PROTECT und sehen Sie, wie unsere Nebelkanonen Ihr Unternehmen in Sekunden sch\u00fctzen. In nur 30 Minuten erkl\u00e4ren wir die Technik, passende L\u00f6sungen und beantworten Ihre Fragen.<\/p>\n\n\n\n<h2 class=\"wp-block-heading\" id=\"h-was-sie-im-gesprach-erwartet\">Was Sie im Gespr\u00e4ch erwartet<\/h2>\n\n\n\n<ul class=\"wp-block-list\">\n<li>Kurze Einf\u00fchrung in das Funktionsprinzip unserer Nebelkanonen<\/li>\n\n\n\n<li>Individuelle Beratung zu Einsatzm\u00f6glichkeiten in Ihrem Unternehmen<\/li>\n\n\n\n<li>Antworten auf Ihre technischen oder sicherheitsbezogenen Fragen<\/li>\n\n\n\n<li>Live-Demo oder Videomaterial je nach Bedarf<\/li>\n<\/ul>\n<\/div>\n<\/div>\n\n\n\n<p><\/p>\n\n\n\n<div class=\"wp-block-columns is-layout-flex wp-container-core-columns-is-layout-9d6595d7 wp-block-columns-is-layout-flex\">\n<div class=\"wp-block-column is-layout-flow wp-block-column-is-layout-flow\">\n<div class=\"wp-block-columns is-layout-flex wp-container-core-columns-is-layout-9d6595d7 wp-block-columns-is-layout-flex\">\n<div class=\"wp-block-column is-layout-flow wp-block-column-is-layout-flow\">\n<h2 class=\"wp-block-heading\" id=\"h-eine-losung-fur-jedes-sicherheitsbedurfnis\">Eine L\u00f6sung f\u00fcr jedes Sicherheitsbed\u00fcrfnis<\/h2>\n\n\n\n<p>Ob Einzelhandel, Lager, Apotheke, Juwelier, B\u00fcrogeb\u00e4ude oder Tankstelle \u2013 unsere Sicherheitsnebel-L\u00f6sungen sind so vielseitig wie die Herausforderungen, denen sich Unternehmen t\u00e4glich stellen m\u00fcssen.<\/p>\n\n\n\n<p>Dank unserer langj\u00e4hrigen Erfahrung und einer breiten Produktpalette finden wir die passende L\u00f6sung f\u00fcr jede Branche und jede R\u00e4umlichkeit. Egal, ob Sie kleine Verkaufsfl\u00e4chen, gro\u00dfe Lagerhallen oder sensible Bereiche sch\u00fctzen m\u00f6chten \u2013 wir zeigen Ihnen, wie sich unsere Nebelkanonen optimal integrieren lassen.<\/p>\n<\/div>\n\n\n\n<div class=\"wp-block-column is-layout-flow wp-block-column-is-layout-flow\">\n<figure class=\"wp-block-embed is-type-video is-provider-youtube wp-block-embed-youtube wp-embed-aspect-16-9 wp-has-aspect-ratio\"><div class=\"wp-block-embed__wrapper\">\n<iframe title=\"Where Can a Fog Cannon Be Used? | PROTECT Fog Cannon Solutions Overview\" width=\"640\" height=\"360\" data-src=\"https:\/\/www.youtube.com\/embed\/h4tiC6IjKqM?feature=oembed\" frameborder=\"0\" allow=\"accelerometer; autoplay; clipboard-write; encrypted-media; gyroscope; picture-in-picture; web-share\" referrerpolicy=\"strict-origin-when-cross-origin\" allowfullscreen src=\"data:image\/svg+xml;base64,PHN2ZyB3aWR0aD0iMSIgaGVpZ2h0PSIxIiB4bWxucz0iaHR0cDovL3d3dy53My5vcmcvMjAwMC9zdmciPjwvc3ZnPg==\" class=\"lazyload\" data-load-mode=\"1\"><\/iframe>\n<\/div><\/figure>\n<\/div>\n<\/div>\n<\/div>\n<\/div>\n\n\n\n<div class=\"wp-block-columns is-layout-flex wp-container-core-columns-is-layout-9d6595d7 wp-block-columns-is-layout-flex\">\n<div class=\"wp-block-column is-layout-flow wp-block-column-is-layout-flow\">\n<div class=\"wp-block-columns is-layout-flex wp-container-core-columns-is-layout-9d6595d7 wp-block-columns-is-layout-flex\">\n<div class=\"wp-block-column is-layout-flow wp-block-column-is-layout-flow\"><div class=\"wp-block-image\">\n<figure class=\"aligncenter size-full is-resized\"><img decoding=\"async\" width=\"350\" height=\"416\" data-src=\"https:\/\/protectglobal.com\/wp-content\/uploads\/2025\/05\/uffe.jpg\" alt=\"\" class=\"wp-image-27784 lazyload\" style=\"--smush-placeholder-width: 350px; --smush-placeholder-aspect-ratio: 350\/416;width:356px;height:auto\" data-srcset=\"https:\/\/protectglobal.com\/wp-content\/uploads\/2025\/05\/uffe.jpg 350w, https:\/\/protectglobal.com\/wp-content\/uploads\/2025\/05\/uffe-252x300.jpg 252w\" data-sizes=\"(max-width: 350px) 100vw, 350px\" src=\"data:image\/svg+xml;base64,PHN2ZyB3aWR0aD0iMSIgaGVpZ2h0PSIxIiB4bWxucz0iaHR0cDovL3d3dy53My5vcmcvMjAwMC9zdmciPjwvc3ZnPg==\" \/><figcaption class=\"wp-element-caption\">Uffe H\u00f8j Kristiansen, Strategischer Vertriebsmanage, PROTECT<\/figcaption><\/figure><\/div>\n\n\n<div class=\"wp-block-buttons is-content-justification-center is-layout-flex wp-container-core-buttons-is-layout-16018d1d wp-block-buttons-is-layout-flex\">\n<div class=\"wp-block-button has-custom-width wp-block-button__width-75 is-style-fill\"><a class=\"wp-block-button__link has-medium-font-size has-custom-font-size wp-element-button\" href=\"https:\/\/calendly.com\/uhk-protectglobal\/uhk\">30-Minuten-Beratung sichern<\/a><\/div>\n<\/div>\n<\/div>\n\n\n\n<div class=\"wp-block-column is-layout-flow wp-block-column-is-layout-flow\">\n<h2 class=\"wp-block-heading\" id=\"h-wer-fuhrt-das-gesprach\">Wer f\u00fchrt das Gespr\u00e4ch?<\/h2>\n\n\n\n<p>Das Einf\u00fchrungsgespr\u00e4ch wird von Uffe H\u00f8j Kristiansen, Strategischer Vertriebsmanager bei PROTECT, durchgef\u00fchrt.<\/p>\n\n\n\n<p>Uffe ist seit 2016 Teil unseres Teams und kennt die Anforderungen des deutschen Marktes genau. In den vergangenen Jahren hat er zahlreiche Unternehmen erfolgreich dabei unterst\u00fctzt, ma\u00dfgeschneiderte Sicherheitsl\u00f6sungen zu finden \u2013 von kleinen Fachgesch\u00e4ften bis hin zu umfangreichen Gro\u00dfprojekten.<\/p>\n\n\n\n<p>Mit seinem tiefen Verst\u00e4ndnis f\u00fcr branchenspezifische Herausforderungen begleitet Uffe Sie kompetent durch das Gespr\u00e4ch, zeigt relevante Anwendungsbeispiele und hilft Ihnen dabei, den m\u00f6glichen Mehrwert f\u00fcr Ihr Unternehmen einzusch\u00e4tzen. Sie erhalten klare Antworten auf Ihre Fragen und einen fundierten \u00dcberblick \u00fcber Ihre Optionen.<\/p>\n\n\n\n<p>\u27a1\ufe0f Das Gespr\u00e4ch findet auf <strong>Deutsch<\/strong> statt.<\/p>\n<\/div>\n<\/div>\n\n\n\n<div class=\"wp-block-buttons is-layout-flex wp-block-buttons-is-layout-flex\"><\/div>\n<\/div>\n<\/div>\n","protected":false},"excerpt":{"rendered":"<p>Jetzt unverbindlich einen Termin mit unserem Vertriebsteam buchen Buchen Sie ein unverbindliches Einf\u00fchrungsgespr\u00e4ch mit PROTECT und sehen Sie, wie unsere Nebelkanonen Ihr Unternehmen in Sekunden sch\u00fctzen. In nur 30 Minuten erkl\u00e4ren wir die Technik, passende L\u00f6sungen und beantworten Ihre Fragen. Was Sie im Gespr\u00e4ch erwartet Eine L\u00f6sung f\u00fcr jedes Sicherheitsbed\u00fcrfnis Ob Einzelhandel, Lager, Apotheke, Juwelier, [&hellip;]<\/p>\n","protected":false},"author":10,"featured_media":25165,"parent":0,"menu_order":0,"comment_status":"closed","ping_status":"closed","template":"text.php","meta":{"_acf_changed":false,"inline_featured_image":false,"footnotes":""},"class_list":["post-27216","page","type-page","status-publish","has-post-thumbnail","hentry"],"acf":[],"yoast_head":"<!-- This site is optimized with the Yoast SEO Premium plugin v27.3 (Yoast SEO v27.3) - https:\/\/yoast.com\/product\/yoast-seo-premium-wordpress\/ -->\n<title>Einf\u00fchrungsgespr\u00e4ch mit PROTECT buchen - PROTECT Nebelkanonen\u2122<\/title>\n<meta name=\"robots\" content=\"index, follow, max-snippet:-1, max-image-preview:large, max-video-preview:-1\" \/>\n<link rel=\"canonical\" href=\"https:\/\/protectglobal.com\/de\/einfuehrungsgespraech-mit-protect-buchen\/\" \/>\n<meta property=\"og:locale\" content=\"de_DE\" \/>\n<meta property=\"og:type\" content=\"article\" \/>\n<meta property=\"og:title\" content=\"Einf\u00fchrungsgespr\u00e4ch mit PROTECT buchen\" \/>\n<meta property=\"og:description\" content=\"Jetzt unverbindlich einen Termin mit unserem Vertriebsteam buchen Buchen Sie ein unverbindliches Einf\u00fchrungsgespr\u00e4ch mit PROTECT und sehen Sie, wie unsere Nebelkanonen Ihr Unternehmen in Sekunden sch\u00fctzen. In nur 30 Minuten erkl\u00e4ren wir die Technik, passende L\u00f6sungen und beantworten Ihre Fragen. Was Sie im Gespr\u00e4ch erwartet Eine L\u00f6sung f\u00fcr jedes Sicherheitsbed\u00fcrfnis Ob Einzelhandel, Lager, Apotheke, Juwelier, [&hellip;]\" \/>\n<meta property=\"og:url\" content=\"https:\/\/protectglobal.com\/de\/einfuehrungsgespraech-mit-protect-buchen\/\" \/>\n<meta property=\"og:site_name\" content=\"PROTECT Nebelkanonen\u2122\" \/>\n<meta property=\"article:publisher\" content=\"https:\/\/www.facebook.com\/PROTECTFogCannon\/\" \/>\n<meta property=\"article:modified_time\" content=\"2025-05-06T11:16:10+00:00\" \/>\n<meta property=\"og:image\" content=\"https:\/\/protectglobal.com\/wp-content\/uploads\/2024\/11\/untitled-09038-scaled.jpg\" \/>\n\t<meta property=\"og:image:width\" content=\"2560\" \/>\n\t<meta property=\"og:image:height\" content=\"1440\" \/>\n\t<meta property=\"og:image:type\" content=\"image\/jpeg\" \/>\n<meta name=\"twitter:card\" content=\"summary_large_image\" \/>\n<meta name=\"twitter:site\" content=\"@PROTECTFOG\" \/>\n<meta name=\"twitter:label1\" content=\"Gesch\u00e4tzte Lesezeit\" \/>\n\t<meta name=\"twitter:data1\" content=\"3\u00a0Minuten\" \/>\n<script type=\"application\/ld+json\" class=\"yoast-schema-graph\">{\"@context\":\"https:\\\/\\\/schema.org\",\"@graph\":[{\"@type\":\"WebPage\",\"@id\":\"https:\\\/\\\/protectglobal.com\\\/de\\\/einfuehrungsgespraech-mit-protect-buchen\\\/\",\"url\":\"https:\\\/\\\/protectglobal.com\\\/de\\\/einfuehrungsgespraech-mit-protect-buchen\\\/\",\"name\":\"Einf\u00fchrungsgespr\u00e4ch mit PROTECT buchen - PROTECT Nebelkanonen\u2122\",\"isPartOf\":{\"@id\":\"https:\\\/\\\/protectglobal.com\\\/de\\\/#website\"},\"primaryImageOfPage\":{\"@id\":\"https:\\\/\\\/protectglobal.com\\\/de\\\/einfuehrungsgespraech-mit-protect-buchen\\\/#primaryimage\"},\"image\":{\"@id\":\"https:\\\/\\\/protectglobal.com\\\/de\\\/einfuehrungsgespraech-mit-protect-buchen\\\/#primaryimage\"},\"thumbnailUrl\":\"https:\\\/\\\/protectglobal.com\\\/wp-content\\\/uploads\\\/2024\\\/11\\\/untitled-09038-scaled.jpg\",\"datePublished\":\"2025-04-03T13:19:22+00:00\",\"dateModified\":\"2025-05-06T11:16:10+00:00\",\"breadcrumb\":{\"@id\":\"https:\\\/\\\/protectglobal.com\\\/de\\\/einfuehrungsgespraech-mit-protect-buchen\\\/#breadcrumb\"},\"inLanguage\":\"de\",\"potentialAction\":[{\"@type\":\"ReadAction\",\"target\":[\"https:\\\/\\\/protectglobal.com\\\/de\\\/einfuehrungsgespraech-mit-protect-buchen\\\/\"]}]},{\"@type\":\"ImageObject\",\"inLanguage\":\"de\",\"@id\":\"https:\\\/\\\/protectglobal.com\\\/de\\\/einfuehrungsgespraech-mit-protect-buchen\\\/#primaryimage\",\"url\":\"https:\\\/\\\/protectglobal.com\\\/wp-content\\\/uploads\\\/2024\\\/11\\\/untitled-09038-scaled.jpg\",\"contentUrl\":\"https:\\\/\\\/protectglobal.com\\\/wp-content\\\/uploads\\\/2024\\\/11\\\/untitled-09038-scaled.jpg\",\"width\":2560,\"height\":1440,\"caption\":\"protect fog cannon\"},{\"@type\":\"BreadcrumbList\",\"@id\":\"https:\\\/\\\/protectglobal.com\\\/de\\\/einfuehrungsgespraech-mit-protect-buchen\\\/#breadcrumb\",\"itemListElement\":[{\"@type\":\"ListItem\",\"position\":1,\"name\":\"Hjem\",\"item\":\"https:\\\/\\\/protectglobal.com\\\/de\\\/\"},{\"@type\":\"ListItem\",\"position\":2,\"name\":\"Einf\u00fchrungsgespr\u00e4ch mit PROTECT buchen\"}]},{\"@type\":\"WebSite\",\"@id\":\"https:\\\/\\\/protectglobal.com\\\/de\\\/#website\",\"url\":\"https:\\\/\\\/protectglobal.com\\\/de\\\/\",\"name\":\"PROTECT Fog Cannons\u2122\",\"description\":\"Buchen Sie ein unverbindliches Einf\u00fchrungsgespr\u00e4ch mit PROTECT und sehen Sie, wie unsere Nebelkanonen Ihr Unternehmen in Sekunden sch\u00fctzen. In nur 30 Minuten erkl\u00e4ren wir die Technik, passende L\u00f6sungen und beantworten Ihre Fragen.\",\"publisher\":{\"@id\":\"https:\\\/\\\/protectglobal.com\\\/de\\\/#organization\"},\"potentialAction\":[{\"@type\":\"SearchAction\",\"target\":{\"@type\":\"EntryPoint\",\"urlTemplate\":\"https:\\\/\\\/protectglobal.com\\\/de\\\/?s={search_term_string}\"},\"query-input\":{\"@type\":\"PropertyValueSpecification\",\"valueRequired\":true,\"valueName\":\"search_term_string\"}}],\"inLanguage\":\"de\"},{\"@type\":\"Organization\",\"@id\":\"https:\\\/\\\/protectglobal.com\\\/de\\\/#organization\",\"name\":\"PROTECT Fog Cannons\u2122\",\"url\":\"https:\\\/\\\/protectglobal.com\\\/de\\\/\",\"logo\":{\"@type\":\"ImageObject\",\"inLanguage\":\"de\",\"@id\":\"https:\\\/\\\/protectglobal.com\\\/de\\\/#\\\/schema\\\/logo\\\/image\\\/\",\"url\":\"https:\\\/\\\/protectglobal.com\\\/wp-content\\\/uploads\\\/2023\\\/10\\\/logo.svg\",\"contentUrl\":\"https:\\\/\\\/protectglobal.com\\\/wp-content\\\/uploads\\\/2023\\\/10\\\/logo.svg\",\"width\":90,\"height\":40,\"caption\":\"PROTECT Fog Cannons\u2122\"},\"image\":{\"@id\":\"https:\\\/\\\/protectglobal.com\\\/de\\\/#\\\/schema\\\/logo\\\/image\\\/\"},\"sameAs\":[\"https:\\\/\\\/www.facebook.com\\\/PROTECTFogCannon\\\/\",\"https:\\\/\\\/x.com\\\/PROTECTFOG\",\"https:\\\/\\\/www.linkedin.com\\\/company\\\/protect-a-s\\\/\",\"https:\\\/\\\/www.youtube.com\\\/user\\\/PROTECTFogCannon\"],\"description\":\"PROTECT\u2122 specializes in security fog solutions, protecting valuables in retail, banks, warehouses any many other industries across more than 50 countries. With over 175,000 fog cannons installed, our systems fill rooms with dense fog in seconds, deterring burglars and preventing theft. We focus on providing reliable, durable, and easy-to-install solutions for enhanced security and peace of mind.\",\"email\":\"info@protectglobal.com\",\"telephone\":\"+45 8672 1881\",\"legalName\":\"PROTECT A\\\/S\",\"foundingDate\":\"2000-09-28\",\"vatID\":\"25687272\",\"numberOfEmployees\":{\"@type\":\"QuantitativeValue\",\"minValue\":\"11\",\"maxValue\":\"50\"}}]}<\/script>\n<!-- \/ Yoast SEO Premium plugin. -->","yoast_head_json":{"title":"Einf\u00fchrungsgespr\u00e4ch mit PROTECT buchen - PROTECT Nebelkanonen\u2122","robots":{"index":"index","follow":"follow","max-snippet":"max-snippet:-1","max-image-preview":"max-image-preview:large","max-video-preview":"max-video-preview:-1"},"canonical":"https:\/\/protectglobal.com\/de\/einfuehrungsgespraech-mit-protect-buchen\/","og_locale":"de_DE","og_type":"article","og_title":"Einf\u00fchrungsgespr\u00e4ch mit PROTECT buchen","og_description":"Jetzt unverbindlich einen Termin mit unserem Vertriebsteam buchen Buchen Sie ein unverbindliches Einf\u00fchrungsgespr\u00e4ch mit PROTECT und sehen Sie, wie unsere Nebelkanonen Ihr Unternehmen in Sekunden sch\u00fctzen. In nur 30 Minuten erkl\u00e4ren wir die Technik, passende L\u00f6sungen und beantworten Ihre Fragen. Was Sie im Gespr\u00e4ch erwartet Eine L\u00f6sung f\u00fcr jedes Sicherheitsbed\u00fcrfnis Ob Einzelhandel, Lager, Apotheke, Juwelier, [&hellip;]","og_url":"https:\/\/protectglobal.com\/de\/einfuehrungsgespraech-mit-protect-buchen\/","og_site_name":"PROTECT Nebelkanonen\u2122","article_publisher":"https:\/\/www.facebook.com\/PROTECTFogCannon\/","article_modified_time":"2025-05-06T11:16:10+00:00","og_image":[{"width":2560,"height":1440,"url":"https:\/\/protectglobal.com\/wp-content\/uploads\/2024\/11\/untitled-09038-scaled.jpg","type":"image\/jpeg"}],"twitter_card":"summary_large_image","twitter_site":"@PROTECTFOG","twitter_misc":{"Gesch\u00e4tzte Lesezeit":"3\u00a0Minuten"},"schema":{"@context":"https:\/\/schema.org","@graph":[{"@type":"WebPage","@id":"https:\/\/protectglobal.com\/de\/einfuehrungsgespraech-mit-protect-buchen\/","url":"https:\/\/protectglobal.com\/de\/einfuehrungsgespraech-mit-protect-buchen\/","name":"Einf\u00fchrungsgespr\u00e4ch mit PROTECT buchen - PROTECT Nebelkanonen\u2122","isPartOf":{"@id":"https:\/\/protectglobal.com\/de\/#website"},"primaryImageOfPage":{"@id":"https:\/\/protectglobal.com\/de\/einfuehrungsgespraech-mit-protect-buchen\/#primaryimage"},"image":{"@id":"https:\/\/protectglobal.com\/de\/einfuehrungsgespraech-mit-protect-buchen\/#primaryimage"},"thumbnailUrl":"https:\/\/protectglobal.com\/wp-content\/uploads\/2024\/11\/untitled-09038-scaled.jpg","datePublished":"2025-04-03T13:19:22+00:00","dateModified":"2025-05-06T11:16:10+00:00","breadcrumb":{"@id":"https:\/\/protectglobal.com\/de\/einfuehrungsgespraech-mit-protect-buchen\/#breadcrumb"},"inLanguage":"de","potentialAction":[{"@type":"ReadAction","target":["https:\/\/protectglobal.com\/de\/einfuehrungsgespraech-mit-protect-buchen\/"]}]},{"@type":"ImageObject","inLanguage":"de","@id":"https:\/\/protectglobal.com\/de\/einfuehrungsgespraech-mit-protect-buchen\/#primaryimage","url":"https:\/\/protectglobal.com\/wp-content\/uploads\/2024\/11\/untitled-09038-scaled.jpg","contentUrl":"https:\/\/protectglobal.com\/wp-content\/uploads\/2024\/11\/untitled-09038-scaled.jpg","width":2560,"height":1440,"caption":"protect fog cannon"},{"@type":"BreadcrumbList","@id":"https:\/\/protectglobal.com\/de\/einfuehrungsgespraech-mit-protect-buchen\/#breadcrumb","itemListElement":[{"@type":"ListItem","position":1,"name":"Hjem","item":"https:\/\/protectglobal.com\/de\/"},{"@type":"ListItem","position":2,"name":"Einf\u00fchrungsgespr\u00e4ch mit PROTECT buchen"}]},{"@type":"WebSite","@id":"https:\/\/protectglobal.com\/de\/#website","url":"https:\/\/protectglobal.com\/de\/","name":"PROTECT Fog Cannons\u2122","description":"Buchen Sie ein unverbindliches Einf\u00fchrungsgespr\u00e4ch mit PROTECT und sehen Sie, wie unsere Nebelkanonen Ihr Unternehmen in Sekunden sch\u00fctzen. In nur 30 Minuten erkl\u00e4ren wir die Technik, passende L\u00f6sungen und beantworten Ihre Fragen.","publisher":{"@id":"https:\/\/protectglobal.com\/de\/#organization"},"potentialAction":[{"@type":"SearchAction","target":{"@type":"EntryPoint","urlTemplate":"https:\/\/protectglobal.com\/de\/?s={search_term_string}"},"query-input":{"@type":"PropertyValueSpecification","valueRequired":true,"valueName":"search_term_string"}}],"inLanguage":"de"},{"@type":"Organization","@id":"https:\/\/protectglobal.com\/de\/#organization","name":"PROTECT Fog Cannons\u2122","url":"https:\/\/protectglobal.com\/de\/","logo":{"@type":"ImageObject","inLanguage":"de","@id":"https:\/\/protectglobal.com\/de\/#\/schema\/logo\/image\/","url":"https:\/\/protectglobal.com\/wp-content\/uploads\/2023\/10\/logo.svg","contentUrl":"https:\/\/protectglobal.com\/wp-content\/uploads\/2023\/10\/logo.svg","width":90,"height":40,"caption":"PROTECT Fog Cannons\u2122"},"image":{"@id":"https:\/\/protectglobal.com\/de\/#\/schema\/logo\/image\/"},"sameAs":["https:\/\/www.facebook.com\/PROTECTFogCannon\/","https:\/\/x.com\/PROTECTFOG","https:\/\/www.linkedin.com\/company\/protect-a-s\/","https:\/\/www.youtube.com\/user\/PROTECTFogCannon"],"description":"PROTECT\u2122 specializes in security fog solutions, protecting valuables in retail, banks, warehouses any many other industries across more than 50 countries. With over 175,000 fog cannons installed, our systems fill rooms with dense fog in seconds, deterring burglars and preventing theft. We focus on providing reliable, durable, and easy-to-install solutions for enhanced security and peace of mind.","email":"info@protectglobal.com","telephone":"+45 8672 1881","legalName":"PROTECT A\/S","foundingDate":"2000-09-28","vatID":"25687272","numberOfEmployees":{"@type":"QuantitativeValue","minValue":"11","maxValue":"50"}}]}},"_links":{"self":[{"href":"https:\/\/protectglobal.com\/de\/wp-json\/wp\/v2\/pages\/27216","targetHints":{"allow":["GET"]}}],"collection":[{"href":"https:\/\/protectglobal.com\/de\/wp-json\/wp\/v2\/pages"}],"about":[{"href":"https:\/\/protectglobal.com\/de\/wp-json\/wp\/v2\/types\/page"}],"author":[{"embeddable":true,"href":"https:\/\/protectglobal.com\/de\/wp-json\/wp\/v2\/users\/10"}],"replies":[{"embeddable":true,"href":"https:\/\/protectglobal.com\/de\/wp-json\/wp\/v2\/comments?post=27216"}],"version-history":[{"count":5,"href":"https:\/\/protectglobal.com\/de\/wp-json\/wp\/v2\/pages\/27216\/revisions"}],"predecessor-version":[{"id":27823,"href":"https:\/\/protectglobal.com\/de\/wp-json\/wp\/v2\/pages\/27216\/revisions\/27823"}],"wp:featuredmedia":[{"embeddable":true,"href":"https:\/\/protectglobal.com\/de\/wp-json\/wp\/v2\/media\/25165"}],"wp:attachment":[{"href":"https:\/\/protectglobal.com\/de\/wp-json\/wp\/v2\/media?parent=27216"}],"curies":[{"name":"wp","href":"https:\/\/api.w.org\/{rel}","templated":true}]}}